{"id":4545,"date":"2021-03-04T06:37:00","date_gmt":"2021-03-04T06:37:00","guid":{"rendered":"https:\/\/expleo.com\/global\/en\/?post_type=insight&#038;p=2075"},"modified":"2024-02-14T16:42:08","modified_gmt":"2024-02-14T16:42:08","slug":"geanderte-meilensteinplanung-bei-der-target2-t2s-konsolidierung","status":"publish","type":"insights","link":"https:\/\/expleo.com\/global\/de\/einblicke\/blog\/geanderte-meilensteinplanung-bei-der-target2-t2s-konsolidierung\/","title":{"rendered":"Ge\u00e4nderte Meilensteinplanung bei der TARGET2\/T2S-Konsolidierung"},"content":{"rendered":"\t\t<div data-elementor-type=\"wp-post\" data-elementor-id=\"4545\" class=\"elementor elementor-4545\" data-elementor-post-type=\"insights\">\n\t\t\t\t\t\t<section class=\"elementor-section elementor-top-section elementor-element elementor-element-bc55e0c gg-article-content  gg-standard-article-template gg-simple-text gg-container-small-pt-72 gg-pb-72 elementor-section-boxed elementor-section-height-default elementor-section-height-default\" data-id=\"bc55e0c\" data-element_type=\"section\" data-e-type=\"section\">\n\t\t\t\t\t\t<div class=\"elementor-container elementor-column-gap-no\">\n\t\t\t\t\t<div class=\"elementor-column elementor-col-100 elementor-top-column elementor-element elementor-element-ee1b85a gg-tablet-view\" data-id=\"ee1b85a\" data-element_type=\"column\" data-e-type=\"column\">\n\t\t\t<div class=\"elementor-widget-wrap elementor-element-populated\">\n\t\t\t\t\t\t<div class=\"elementor-element elementor-element-fe710fd gg-font-v9 gg-class-for-iphone8  elementor-widget elementor-widget-text-editor\" data-id=\"fe710fd\" data-element_type=\"widget\" data-e-type=\"widget\" data-widget_type=\"text-editor.default\">\n\t\t\t\t<div class=\"elementor-widget-container\">\n\t\t\t\t\t\t\t\t\t<p>Aufgrund von Be\u00adden\u00adken auf Seiten des eu\u00adro\u00adp\u00e4i\u00adschen Kre\u00addit\u00adge\u00adwer\u00adbes beschloss der EZB-Rat im Juli 2020 eine 12-monatige Laufzeitverl\u00e4ngerung des TAR\u00adGET2\/T2S-Kon\u00adso\u00adli\u00addie\u00adrungs\u00adpro\u00adjek\u00adtes. Diese Initiative zur St\u00e4rkung der Marktinfrastruktur im Zahlungsverkehr im Rahmen der TARGET-Services hat ihren Go-Live-Termin nun am 22. November 2022. Die Auswirkungsanalyse und Neuplanung der Gremien der EZB und der beteiligten Nationalbanken wurde im 3. Quartal 2020 abgeschlossen und den Marktteilnehmern zur Verf\u00fcgung gestellt.<\/p>\n<p>Hintergrund dieser Entscheidung ist die COVID-19-Pandemie, von der nahezu alle Wirtschaftszweige und auch die Marktteilnehmer in der Finanzindustrie betroffen sind. Hinzu kommt eine Verz\u00f6gerung der globalen SWIFT-Migration der Zahlungsverkehrsformate im Korrespondenzbankgesch\u00e4ft.<\/p>\t\t\t\t\t\t\t\t<\/div>\n\t\t\t\t<\/div>\n\t\t\t\t<div class=\"elementor-element elementor-element-86c8713 gg-font-v4 gg-custom-dark-purple-color elementor-widget elementor-widget-heading\" data-id=\"86c8713\" data-element_type=\"widget\" data-e-type=\"widget\" data-widget_type=\"heading.default\">\n\t\t\t\t<div class=\"elementor-widget-container\">\n\t\t\t\t\t<h2 class=\"elementor-heading-title elementor-size-default\">Wiederaufnahme des Community Readiness Monitoring<\/h2>\t\t\t\t<\/div>\n\t\t\t\t<\/div>\n\t\t\t\t<div class=\"elementor-element elementor-element-971caaf elementor-widget elementor-widget-text-editor\" data-id=\"971caaf\" data-element_type=\"widget\" data-e-type=\"widget\" data-widget_type=\"text-editor.default\">\n\t\t\t\t<div class=\"elementor-widget-container\">\n\t\t\t\t\t\t\t\t\t<p>Die Deutsche Bundesbank lud im Dezember Marktteilnehmer zu virtuellen Workshops zum Thema \u201eTARGET2\/T2S-Konsolidierung \u2013 ein gemeinsamer Blick voraus\u201c ein.<\/p>\n<p>Ziel war es, die Auswirkungen und das weitere Vorgehen der Community zu erarbeiten und die notwendigen Ma\u00dfnahmen und Aktivit\u00e4ten im Hinblick auf den ge\u00e4nderten Meilensteinplan zu erl\u00e4utern.<\/p>\n<p>Bereits im ersten Quartal 2021 nimmt die Deutsche Bundesbank das Community Readiness Monitoring in einer ver\u00e4nderten Form wieder auf. Basis bilden dabei die vom Eurosystem in enger Abstimmung mit dem Markt formulierten 26 \u201eProject Key Milestones\u201d. Der Fokus wird dabei neben den bereits erf\u00fcllten Meilensteinen auch deutlicher auf die Erwartungshaltung im fortlaufenden Programm gelegt.<\/p>\t\t\t\t\t\t\t\t<\/div>\n\t\t\t\t<\/div>\n\t\t\t\t<div class=\"elementor-element elementor-element-43a602a elementor-widget elementor-widget-image\" data-id=\"43a602a\" data-element_type=\"widget\" data-e-type=\"widget\" data-widget_type=\"image.default\">\n\t\t\t\t<div class=\"elementor-widget-container\">\n\t\t\t\t\t\t\t\t\t\t\t\t\t\t\t<img fetchpriority=\"high\" decoding=\"async\" width=\"800\" height=\"450\" src=\"https:\/\/expleo.com\/global\/de\/wp-content\/uploads\/2021\/10\/european-central-bank-inpage-1024x576.jpg\" class=\"attachment-large size-large wp-image-1216\" alt=\"A big city with a bridge and a overlapping sun\" srcset=\"https:\/\/expleo.com\/global\/de\/wp-content\/uploads\/2021\/10\/european-central-bank-inpage-1024x576.jpg 1024w, https:\/\/expleo.com\/global\/de\/wp-content\/uploads\/2021\/10\/european-central-bank-inpage-300x169.jpg 300w, https:\/\/expleo.com\/global\/de\/wp-content\/uploads\/2021\/10\/european-central-bank-inpage-768x432.jpg 768w, https:\/\/expleo.com\/global\/de\/wp-content\/uploads\/2021\/10\/european-central-bank-inpage.jpg 1280w\" sizes=\"(max-width: 800px) 100vw, 800px\" \/>\t\t\t\t\t\t\t\t\t\t\t\t\t\t\t<\/div>\n\t\t\t\t<\/div>\n\t\t\t\t<div class=\"elementor-element elementor-element-b7d00c2 gg-font-v4 gg-custom-dark-purple-color elementor-widget elementor-widget-heading\" data-id=\"b7d00c2\" data-element_type=\"widget\" data-e-type=\"widget\" data-widget_type=\"heading.default\">\n\t\t\t\t<div class=\"elementor-widget-container\">\n\t\t\t\t\t<h2 class=\"elementor-heading-title elementor-size-default\">Unser Framework unterst\u00fctzt bei der Erf\u00fcllung der EZB-Anforderungen<\/h2>\t\t\t\t<\/div>\n\t\t\t\t<\/div>\n\t\t\t\t<div class=\"elementor-element elementor-element-fcbd8c9 elementor-widget elementor-widget-text-editor\" data-id=\"fcbd8c9\" data-element_type=\"widget\" data-e-type=\"widget\" data-widget_type=\"text-editor.default\">\n\t\t\t\t<div class=\"elementor-widget-container\">\n\t\t\t\t\t\t\t\t\t<p>Wir unterst\u00fctzen Sie durch den Einsatz des Program-Governance-Framework von der Planung bis hin zur Readiness-Meldung der einzelnen Meilensteine. Die Nutzung des Frameworks gibt Ihnen die Sicherheit, sowohl in fachlicher als auch in methodischer Hinsicht den Anforderungen der EZB entsprechend der Meilensteinplanung zu gen\u00fcgen.<\/p><p>Dar\u00fcber hinaus bieten wir langj\u00e4hrige Erfahrung mit QS-Ma\u00dfnahmen in IT- und Softwareentwicklungsprojekten im Bereich Financial Services. In Hinblick auf die Anforderungen durch die T2\/T2S-Konsolidierung sind zahlreiche direkt nutzbare Test-Assets wie direkt nutzbare Testkonzepte und Testfall-Bibliotheken verf\u00fcgbar. Hierbei wird durch die Wiederverwendung die Einhaltung der ambitionierten Meilensteinplanung abgesichert.<\/p><p>Sie sind neugierig geworden? Weitere Informationen\u00a0<a href=\"https:\/\/expleo.com\/global\/de\/einblicke\/blog\/geanderte-meilensteinplanung-bei-der-target2-t2s-konsolidierung\/\">finden Sie hier<\/a>. Sollten Sie Fragen haben oder Unterst\u00fctzung bei der erfolgreichen Umsetzung des T2\/T2S-Konsolidierungsprogramms ben\u00f6tigen, sprechen Sie uns an \u2013 gerne \u00fcber\u00a0<a href=\"mailto:BFSBusinessServices@expleogroup.com\" target=\"_blank\" rel=\"noopener\">BFSBusinessServices@expleogroup.com<\/a>.<\/p><p>Wir freuen uns auf Sie \u2013 Ihr Olaf Bartelt, Head of Practice Banking &amp; Financial Service<\/p>\t\t\t\t\t\t\t\t<\/div>\n\t\t\t\t<\/div>\n\t\t\t\t\t<\/div>\n\t\t<\/div>\n\t\t\t\t\t<\/div>\n\t\t<\/section>\n\t\t\t\t<\/div>\n\t\t","protected":false},"excerpt":{"rendered":"<p>Aufgrund von Be\u00adden\u00adken auf Seiten des eu\u00adro\u00adp\u00e4i\u00adschen Kre\u00addit\u00adge\u00adwer\u00adbes beschloss der EZB-Rat im Juli 2020 eine 12-monatige Laufzeitverl\u00e4ngerung des TAR\u00adGET2\/T2S-Kon\u00adso\u00adli\u00addie\u00adrungs\u00adpro\u00adjek\u00adtes. Diese Initiative zur St\u00e4rkung der Marktinfrastruktur im Zahlungsverkehr im Rahmen der TARGET-Services hat ihren Go-Live-Termin nun am 22. November 2022. Die Auswirkungsanalyse und Neuplanung der Gremien der EZB und der beteiligten Nationalbanken wurde im 3. Quartal [&hellip;]<\/p>\n","protected":false},"featured_media":1216,"parent":0,"template":"","meta":{"_oasis_is_in_workflow":0,"_oasis_original":0,"_oasis_task_priority":"","footnotes":""},"topic":[122,120,119],"insights-single-templates":[386],"industry-taxonomy":[41],"content-type":[21],"country":[87],"service":[56,191],"class_list":["post-4545","insights","type-insights","status-publish","has-post-thumbnail","hentry","topic-business-transformation","topic-digitale-transformation","topic-qualitaetssicherung-und-entwicklung","insights-single-templates-old-template","industry-taxonomy-banking-and-financial-services","content-type-blog","country-germany","service-ai-powered-software-qa-qe","service-qualitat-und-test"],"yoast_head":"<!-- This site is optimized with the Yoast SEO Premium plugin v28.3 (Yoast SEO v28.3) - https:\/\/yoast.com\/product\/yoast-seo-premium-wordpress\/ -->\n<title>Expleo | Ge\u00e4nderte Meilensteinplanung<\/title>\n<meta name=\"description\" content=\"Des europ\u00e4ischen Kreditgewerbes beschloss der EZB-Rat eine 12-monatige Laufzeitverl\u00e4ngerung des TARGET2\/T2S-Konsolidierungsprojektes.\" \/>\n<meta name=\"robots\" content=\"index, follow, max-snippet:-1, max-image-preview:large, max-video-preview:-1\" \/>\n<link rel=\"canonical\" href=\"https:\/\/expleo.com\/global\/de\/einblicke\/blog\/geanderte-meilensteinplanung-bei-der-target2-t2s-konsolidierung\/\" \/>\n<meta property=\"og:locale\" content=\"de_DE\" \/>\n<meta property=\"og:type\" content=\"article\" \/>\n<meta property=\"og:title\" content=\"Ge\u00e4nderte Meilensteinplanung bei der TARGET2\/T2S-Konsolidierung\" \/>\n<meta property=\"og:description\" content=\"Des europ\u00e4ischen Kreditgewerbes beschloss der EZB-Rat eine 12-monatige Laufzeitverl\u00e4ngerung des TARGET2\/T2S-Konsolidierungsprojektes.\" \/>\n<meta property=\"og:url\" content=\"https:\/\/expleo.com\/global\/de\/einblicke\/blog\/geanderte-meilensteinplanung-bei-der-target2-t2s-konsolidierung\/\" \/>\n<meta property=\"og:site_name\" content=\"Global DE\" \/>\n<meta property=\"article:modified_time\" content=\"2024-02-14T16:42:08+00:00\" \/>\n<meta property=\"og:image\" content=\"https:\/\/expleo.com\/global\/de\/wp-content\/uploads\/2021\/10\/european-central-bank-inpage.jpg\" \/>\n\t<meta property=\"og:image:width\" content=\"1280\" \/>\n\t<meta property=\"og:image:height\" content=\"720\" \/>\n\t<meta property=\"og:image:type\" content=\"image\/jpeg\" \/>\n<meta name=\"twitter:card\" content=\"summary_large_image\" \/>\n<meta name=\"twitter:label1\" content=\"Gesch\u00e4tzte Lesezeit\" \/>\n\t<meta name=\"twitter:data1\" content=\"3\u00a0Minuten\" \/>\n<script type=\"application\/ld+json\" class=\"yoast-schema-graph\">{\"@context\":\"https:\\\/\\\/schema.org\",\"@graph\":[{\"@type\":\"WebPage\",\"@id\":\"https:\\\/\\\/expleo.com\\\/global\\\/de\\\/einblicke\\\/blog\\\/geanderte-meilensteinplanung-bei-der-target2-t2s-konsolidierung\\\/\",\"url\":\"https:\\\/\\\/expleo.com\\\/global\\\/de\\\/einblicke\\\/blog\\\/geanderte-meilensteinplanung-bei-der-target2-t2s-konsolidierung\\\/\",\"name\":\"Expleo | Ge\u00e4nderte Meilensteinplanung\",\"isPartOf\":{\"@id\":\"https:\\\/\\\/expleo.com\\\/global\\\/de\\\/#website\"},\"primaryImageOfPage\":{\"@id\":\"https:\\\/\\\/expleo.com\\\/global\\\/de\\\/einblicke\\\/blog\\\/geanderte-meilensteinplanung-bei-der-target2-t2s-konsolidierung\\\/#primaryimage\"},\"image\":{\"@id\":\"https:\\\/\\\/expleo.com\\\/global\\\/de\\\/einblicke\\\/blog\\\/geanderte-meilensteinplanung-bei-der-target2-t2s-konsolidierung\\\/#primaryimage\"},\"thumbnailUrl\":\"https:\\\/\\\/expleo.com\\\/global\\\/de\\\/wp-content\\\/uploads\\\/2021\\\/10\\\/european-central-bank-inpage.jpg\",\"datePublished\":\"2021-03-04T06:37:00+00:00\",\"dateModified\":\"2024-02-14T16:42:08+00:00\",\"description\":\"Des europ\u00e4ischen Kreditgewerbes beschloss der EZB-Rat eine 12-monatige Laufzeitverl\u00e4ngerung des TARGET2\\\/T2S-Konsolidierungsprojektes.\",\"breadcrumb\":{\"@id\":\"https:\\\/\\\/expleo.com\\\/global\\\/de\\\/einblicke\\\/blog\\\/geanderte-meilensteinplanung-bei-der-target2-t2s-konsolidierung\\\/#breadcrumb\"},\"inLanguage\":\"de\",\"potentialAction\":[{\"@type\":\"ReadAction\",\"target\":[\"https:\\\/\\\/expleo.com\\\/global\\\/de\\\/einblicke\\\/blog\\\/geanderte-meilensteinplanung-bei-der-target2-t2s-konsolidierung\\\/\"]}]},{\"@type\":\"ImageObject\",\"inLanguage\":\"de\",\"@id\":\"https:\\\/\\\/expleo.com\\\/global\\\/de\\\/einblicke\\\/blog\\\/geanderte-meilensteinplanung-bei-der-target2-t2s-konsolidierung\\\/#primaryimage\",\"url\":\"https:\\\/\\\/expleo.com\\\/global\\\/de\\\/wp-content\\\/uploads\\\/2021\\\/10\\\/european-central-bank-inpage.jpg\",\"contentUrl\":\"https:\\\/\\\/expleo.com\\\/global\\\/de\\\/wp-content\\\/uploads\\\/2021\\\/10\\\/european-central-bank-inpage.jpg\",\"width\":1280,\"height\":720,\"caption\":\"A big city with a bridge and a overlapping sun\"},{\"@type\":\"BreadcrumbList\",\"@id\":\"https:\\\/\\\/expleo.com\\\/global\\\/de\\\/einblicke\\\/blog\\\/geanderte-meilensteinplanung-bei-der-target2-t2s-konsolidierung\\\/#breadcrumb\",\"itemListElement\":[{\"@type\":\"ListItem\",\"position\":1,\"name\":\"Home\",\"item\":\"https:\\\/\\\/expleo.com\\\/global\\\/de\\\/\"},{\"@type\":\"ListItem\",\"position\":2,\"name\":\"Einblicke\",\"item\":\"https:\\\/\\\/expleo.com\\\/global\\\/de\\\/einblicke\\\/\"},{\"@type\":\"ListItem\",\"position\":3,\"name\":\"Ge\u00e4nderte Meilensteinplanung bei der TARGET2\\\/T2S-Konsolidierung\"}]},{\"@type\":\"WebSite\",\"@id\":\"https:\\\/\\\/expleo.com\\\/global\\\/de\\\/#website\",\"url\":\"https:\\\/\\\/expleo.com\\\/global\\\/de\\\/\",\"name\":\"Expleo | DE\",\"description\":\"Expleo\",\"publisher\":{\"@id\":\"https:\\\/\\\/expleo.com\\\/global\\\/de\\\/#organization\"},\"potentialAction\":[{\"@type\":\"SearchAction\",\"target\":{\"@type\":\"EntryPoint\",\"urlTemplate\":\"https:\\\/\\\/expleo.com\\\/global\\\/de\\\/?s={search_term_string}\"},\"query-input\":{\"@type\":\"PropertyValueSpecification\",\"valueRequired\":true,\"valueName\":\"search_term_string\"}}],\"inLanguage\":\"de\"},{\"@type\":\"Organization\",\"@id\":\"https:\\\/\\\/expleo.com\\\/global\\\/de\\\/#organization\",\"name\":\"Expleo | DE\",\"url\":\"https:\\\/\\\/expleo.com\\\/global\\\/de\\\/\",\"logo\":{\"@type\":\"ImageObject\",\"inLanguage\":\"de\",\"@id\":\"https:\\\/\\\/expleo.com\\\/global\\\/de\\\/#\\\/schema\\\/logo\\\/image\\\/\",\"url\":\"https:\\\/\\\/expleo.com\\\/global\\\/de\\\/wp-content\\\/uploads\\\/2019\\\/02\\\/expleo-logo-and-tagline.png\",\"contentUrl\":\"https:\\\/\\\/expleo.com\\\/global\\\/de\\\/wp-content\\\/uploads\\\/2019\\\/02\\\/expleo-logo-and-tagline.png\",\"width\":1600,\"height\":774,\"caption\":\"Expleo | DE\"},\"image\":{\"@id\":\"https:\\\/\\\/expleo.com\\\/global\\\/de\\\/#\\\/schema\\\/logo\\\/image\\\/\"}}]}<\/script>\n<!-- \/ Yoast SEO Premium plugin. -->","yoast_head_json":{"title":"Expleo | Ge\u00e4nderte Meilensteinplanung","description":"Des europ\u00e4ischen Kreditgewerbes beschloss der EZB-Rat eine 12-monatige Laufzeitverl\u00e4ngerung des TARGET2\/T2S-Konsolidierungsprojektes.","robots":{"index":"index","follow":"follow","max-snippet":"max-snippet:-1","max-image-preview":"max-image-preview:large","max-video-preview":"max-video-preview:-1"},"canonical":"https:\/\/expleo.com\/global\/de\/einblicke\/blog\/geanderte-meilensteinplanung-bei-der-target2-t2s-konsolidierung\/","og_locale":"de_DE","og_type":"article","og_title":"Ge\u00e4nderte Meilensteinplanung bei der TARGET2\/T2S-Konsolidierung","og_description":"Des europ\u00e4ischen Kreditgewerbes beschloss der EZB-Rat eine 12-monatige Laufzeitverl\u00e4ngerung des TARGET2\/T2S-Konsolidierungsprojektes.","og_url":"https:\/\/expleo.com\/global\/de\/einblicke\/blog\/geanderte-meilensteinplanung-bei-der-target2-t2s-konsolidierung\/","og_site_name":"Global DE","article_modified_time":"2024-02-14T16:42:08+00:00","og_image":[{"width":1280,"height":720,"url":"https:\/\/expleo.com\/global\/de\/wp-content\/uploads\/2021\/10\/european-central-bank-inpage.jpg","type":"image\/jpeg"}],"twitter_card":"summary_large_image","twitter_misc":{"Gesch\u00e4tzte Lesezeit":"3\u00a0Minuten"},"schema":{"@context":"https:\/\/schema.org","@graph":[{"@type":"WebPage","@id":"https:\/\/expleo.com\/global\/de\/einblicke\/blog\/geanderte-meilensteinplanung-bei-der-target2-t2s-konsolidierung\/","url":"https:\/\/expleo.com\/global\/de\/einblicke\/blog\/geanderte-meilensteinplanung-bei-der-target2-t2s-konsolidierung\/","name":"Expleo | Ge\u00e4nderte Meilensteinplanung","isPartOf":{"@id":"https:\/\/expleo.com\/global\/de\/#website"},"primaryImageOfPage":{"@id":"https:\/\/expleo.com\/global\/de\/einblicke\/blog\/geanderte-meilensteinplanung-bei-der-target2-t2s-konsolidierung\/#primaryimage"},"image":{"@id":"https:\/\/expleo.com\/global\/de\/einblicke\/blog\/geanderte-meilensteinplanung-bei-der-target2-t2s-konsolidierung\/#primaryimage"},"thumbnailUrl":"https:\/\/expleo.com\/global\/de\/wp-content\/uploads\/2021\/10\/european-central-bank-inpage.jpg","datePublished":"2021-03-04T06:37:00+00:00","dateModified":"2024-02-14T16:42:08+00:00","description":"Des europ\u00e4ischen Kreditgewerbes beschloss der EZB-Rat eine 12-monatige Laufzeitverl\u00e4ngerung des TARGET2\/T2S-Konsolidierungsprojektes.","breadcrumb":{"@id":"https:\/\/expleo.com\/global\/de\/einblicke\/blog\/geanderte-meilensteinplanung-bei-der-target2-t2s-konsolidierung\/#breadcrumb"},"inLanguage":"de","potentialAction":[{"@type":"ReadAction","target":["https:\/\/expleo.com\/global\/de\/einblicke\/blog\/geanderte-meilensteinplanung-bei-der-target2-t2s-konsolidierung\/"]}]},{"@type":"ImageObject","inLanguage":"de","@id":"https:\/\/expleo.com\/global\/de\/einblicke\/blog\/geanderte-meilensteinplanung-bei-der-target2-t2s-konsolidierung\/#primaryimage","url":"https:\/\/expleo.com\/global\/de\/wp-content\/uploads\/2021\/10\/european-central-bank-inpage.jpg","contentUrl":"https:\/\/expleo.com\/global\/de\/wp-content\/uploads\/2021\/10\/european-central-bank-inpage.jpg","width":1280,"height":720,"caption":"A big city with a bridge and a overlapping sun"},{"@type":"BreadcrumbList","@id":"https:\/\/expleo.com\/global\/de\/einblicke\/blog\/geanderte-meilensteinplanung-bei-der-target2-t2s-konsolidierung\/#breadcrumb","itemListElement":[{"@type":"ListItem","position":1,"name":"Home","item":"https:\/\/expleo.com\/global\/de\/"},{"@type":"ListItem","position":2,"name":"Einblicke","item":"https:\/\/expleo.com\/global\/de\/einblicke\/"},{"@type":"ListItem","position":3,"name":"Ge\u00e4nderte Meilensteinplanung bei der TARGET2\/T2S-Konsolidierung"}]},{"@type":"WebSite","@id":"https:\/\/expleo.com\/global\/de\/#website","url":"https:\/\/expleo.com\/global\/de\/","name":"Expleo | DE","description":"Expleo","publisher":{"@id":"https:\/\/expleo.com\/global\/de\/#organization"},"potentialAction":[{"@type":"SearchAction","target":{"@type":"EntryPoint","urlTemplate":"https:\/\/expleo.com\/global\/de\/?s={search_term_string}"},"query-input":{"@type":"PropertyValueSpecification","valueRequired":true,"valueName":"search_term_string"}}],"inLanguage":"de"},{"@type":"Organization","@id":"https:\/\/expleo.com\/global\/de\/#organization","name":"Expleo | DE","url":"https:\/\/expleo.com\/global\/de\/","logo":{"@type":"ImageObject","inLanguage":"de","@id":"https:\/\/expleo.com\/global\/de\/#\/schema\/logo\/image\/","url":"https:\/\/expleo.com\/global\/de\/wp-content\/uploads\/2019\/02\/expleo-logo-and-tagline.png","contentUrl":"https:\/\/expleo.com\/global\/de\/wp-content\/uploads\/2019\/02\/expleo-logo-and-tagline.png","width":1600,"height":774,"caption":"Expleo | DE"},"image":{"@id":"https:\/\/expleo.com\/global\/de\/#\/schema\/logo\/image\/"}}]}},"hreflang":{"rendered":"<link rel=\"alternate\" href=\"https:\/\/expleo.com\/global\/en\/einblicke\/blog\/changed-milestone-planning-for-target2-t2s-consolidation\/\" hreflang=\"x-default\"\/>\n<link rel=\"alternate\" href=\"https:\/\/expleo.com\/global\/en\/einblicke\/blog\/changed-milestone-planning-for-target2-t2s-consolidation\/\" hreflang=\"en\"\/>\n<link rel=\"alternate\" href=\"https:\/\/expleo.com\/global\/de\/einblicke\/blog\/geanderte-meilensteinplanung-bei-der-target2-t2s-konsolidierung\/\" hreflang=\"de\"\/>\n","structure":[{"blogId":4,"blogIsHidden":false,"postId":2075,"url":"https:\/\/expleo.com\/global\/en\/einblicke\/blog\/changed-milestone-planning-for-target2-t2s-consolidation\/","language":"en","default":true},{"blogId":6,"blogIsHidden":false,"postId":4545,"url":"https:\/\/expleo.com\/global\/de\/einblicke\/blog\/geanderte-meilensteinplanung-bei-der-target2-t2s-konsolidierung\/","language":"de","default":false}]},"_links":{"self":[{"href":"https:\/\/expleo.com\/global\/de\/wp-json\/wp\/v2\/insights\/4545","targetHints":{"allow":["GET"]}}],"collection":[{"href":"https:\/\/expleo.com\/global\/de\/wp-json\/wp\/v2\/insights"}],"about":[{"href":"https:\/\/expleo.com\/global\/de\/wp-json\/wp\/v2\/types\/insights"}],"version-history":[{"count":0,"href":"https:\/\/expleo.com\/global\/de\/wp-json\/wp\/v2\/insights\/4545\/revisions"}],"wp:featuredmedia":[{"embeddable":true,"href":"https:\/\/expleo.com\/global\/de\/wp-json\/wp\/v2\/media\/1216"}],"wp:attachment":[{"href":"https:\/\/expleo.com\/global\/de\/wp-json\/wp\/v2\/media?parent=4545"}],"wp:term":[{"taxonomy":"topic","embeddable":true,"href":"https:\/\/expleo.com\/global\/de\/wp-json\/wp\/v2\/topic?post=4545"},{"taxonomy":"insights-single-templates","embeddable":true,"href":"https:\/\/expleo.com\/global\/de\/wp-json\/wp\/v2\/insights-single-templates?post=4545"},{"taxonomy":"industry-taxonomy","embeddable":true,"href":"https:\/\/expleo.com\/global\/de\/wp-json\/wp\/v2\/industry-taxonomy?post=4545"},{"taxonomy":"content-type","embeddable":true,"href":"https:\/\/expleo.com\/global\/de\/wp-json\/wp\/v2\/content-type?post=4545"},{"taxonomy":"country","embeddable":true,"href":"https:\/\/expleo.com\/global\/de\/wp-json\/wp\/v2\/country?post=4545"},{"taxonomy":"service","embeddable":true,"href":"https:\/\/expleo.com\/global\/de\/wp-json\/wp\/v2\/service?post=4545"}],"curies":[{"name":"wp","href":"https:\/\/api.w.org\/{rel}","templated":true}]}}