{"id":704,"date":"2021-04-16T12:12:00","date_gmt":"2021-04-16T12:12:00","guid":{"rendered":"https:\/\/expleo.com\/global\/en\/?post_type=insight&#038;p=795"},"modified":"2024-02-14T17:02:13","modified_gmt":"2024-02-14T17:02:13","slug":"herve-garnousset-verstaerkt-expleo-als-global-head-of-digital","status":"publish","type":"insights","link":"https:\/\/expleo.com\/global\/de\/einblicke\/neuigkeiten\/herve-garnousset-verstaerkt-expleo-als-global-head-of-digital\/","title":{"rendered":"Herv\u00e9 Garnousset verst\u00e4rkt Expleo als Global Head of Digital"},"content":{"rendered":"\t\t<div data-elementor-type=\"wp-post\" data-elementor-id=\"704\" class=\"elementor elementor-704\" data-elementor-post-type=\"insights\">\n\t\t\t\t\t\t<section class=\"elementor-section elementor-top-section elementor-element elementor-element-675e9d9 gg-article-content gg-standard-article-template gg-simple-text gg-container-small-ptb-72 elementor-section-boxed elementor-section-height-default elementor-section-height-default\" data-id=\"675e9d9\" data-element_type=\"section\" data-e-type=\"section\">\n\t\t\t\t\t\t<div class=\"elementor-container elementor-column-gap-no\">\n\t\t\t\t\t<div class=\"elementor-column elementor-col-100 elementor-top-column elementor-element elementor-element-2cd75bb gg-tablet-view\" data-id=\"2cd75bb\" data-element_type=\"column\" data-e-type=\"column\">\n\t\t\t<div class=\"elementor-widget-wrap elementor-element-populated\">\n\t\t\t\t\t\t<div class=\"elementor-element elementor-element-68908e4 gg-font-v9 gg-text-with-paddingbottom gg-class-for-iphone8 elementor-widget elementor-widget-text-editor\" data-id=\"68908e4\" data-element_type=\"widget\" data-e-type=\"widget\" data-widget_type=\"text-editor.default\">\n\t\t\t\t<div class=\"elementor-widget-container\">\n\t\t\t\t\t\t\t\t\t<p>Paris, 16. April 2021 \u2013 Das Supervisory Board von Expleo hat\u00a0<strong>Herv\u00e9 Garnousset zum neuen Global Head of Digital<\/strong>\u00a0<strong>berufen<\/strong>. In dieser Rolle wird er die neu formierte digitale Gesch\u00e4ftseinheit des Unternehmens leiten und Kunden bei ihren Initiativen zur digitalen Transformation unterst\u00fctzen.<\/p><p>Herv\u00e9 Garnousset kann auf eine ausgepr\u00e4gte Erfolgsbilanz bei der Leitung von unternehmensinternen Transformationsprojekten sowie als Berater in den Bereichen Transport, Technologie und \u00f6ffentlicher Sektor verweisen. Er bringt ein ausgepr\u00e4gtes Verst\u00e4ndnis daf\u00fcr mit, wie digitale Technologien Strategiever\u00e4nderungen von Unternehmen vorantreiben k\u00f6nnen.<\/p><p><strong>Rajesh Krishnamurthy, CEO von Expleo, sagt:\u00a0<\/strong>\u201e<em>Die Art und Weise, wie Gesch\u00e4fte gemacht werden, ver\u00e4ndern sich. Das Nutzererlebnis und die Intelligenz in Produkten werden immer wichtiger, beides wird \u00fcber den verst\u00e4rkten Einsatz von Software unterst\u00fctzt. Die Erfahrung von Herv\u00e9 Garnousset wird ein Gewinn sein, wenn wir unser digitales Angebot konsolidieren und erweitern, um Kunden auf ihrer Reise zur digitalen Transformation besser begleiten zu k\u00f6nnen.\u201c<\/em><\/p><p><strong>Herv\u00e9 Garnousset, der neue Global Head of Digital bei Expleo, erkl\u00e4rt:\u00a0<\/strong>\u201e<em>Ich freue mich sehr, zu Expleo zu kommen und mit den Kunden in den Bereichen Engineering und Qualit\u00e4tssicherung zu arbeiten.\u201c<\/em><\/p>\t\t\t\t\t\t\t\t<\/div>\n\t\t\t\t<\/div>\n\t\t\t\t<div class=\"elementor-element elementor-element-090be89 gg-font-v4 gg-custom-dark-purple-color  gg-print-pb-10 elementor-widget elementor-widget-heading\" data-id=\"090be89\" data-element_type=\"widget\" data-e-type=\"widget\" data-widget_type=\"heading.default\">\n\t\t\t\t<div class=\"elementor-widget-container\">\n\t\t\t\t\t<h2 class=\"elementor-heading-title elementor-size-default\">Biografie:<\/h2>\t\t\t\t<\/div>\n\t\t\t\t<\/div>\n\t\t\t\t<div class=\"elementor-element elementor-element-f7791d2 gg-font-v9 gg-text-with-paddingbottom gg-class-for-iphone8 elementor-widget elementor-widget-text-editor\" data-id=\"f7791d2\" data-element_type=\"widget\" data-e-type=\"widget\" data-widget_type=\"text-editor.default\">\n\t\t\t\t<div class=\"elementor-widget-container\">\n\t\t\t\t\t\t\t\t\t<p>Herv\u00e9 Garnousset hat in Elektrotechnik, Robotik und K\u00fcnstlicher Intelligenz an der Universit\u00e9 Paul Sabatier promoviert. Er begann seine Karriere bei der Unternehmensberatung Kearney. Hier leitete er unternehmenskritische Projekte f\u00fcr Fluggesellschaften und Flugh\u00e4fen in Hongkong und unterst\u00fctzte deren \u00dcbergang zu einem Hub-Modell.<\/p><p>Garnousset wechselte 1996 zu Sopra Steria als Senior Engagement Manager f\u00fcr Aerospace und Transport. Im Jahr 2000 \u00fcbernahm er die Rolle des Executive Directors, in der er f\u00fcr umfangreiche strategische Abschl\u00fcsse mit der franz\u00f6sischen Regierung und globalen Energie- und Versorgungsunternehmen verantwortlich war. Bei Sopra Steria steuerte Herv\u00e9s Garnoussets Projekte wie die Implementierung eines gro\u00df angelegten Smart-Metering-Programms sowie die Konsolidierung und Rationalisierung von Abrechnungssystemen f\u00fcr franz\u00f6sische Ministerien.<\/p><p>2010 wechselte er als Vice President und Managing Director f\u00fcr Frankreich zu Fujitsu und trieb den Wiederaufstieg der Technologiemarke in der Region voran. Zuletzt war Garnousset Senior Managing Partner und Head of Southern Europe Consulting bei DXC Technology.<\/p>\t\t\t\t\t\t\t\t<\/div>\n\t\t\t\t<\/div>\n\t\t\t\t<div class=\"elementor-element elementor-element-3bfe518 gg-font-v4 gg-custom-dark-purple-color  elementor-widget elementor-widget-heading\" data-id=\"3bfe518\" data-element_type=\"widget\" data-e-type=\"widget\" data-widget_type=\"heading.default\">\n\t\t\t\t<div class=\"elementor-widget-container\">\n\t\t\t\t\t<h2 class=\"elementor-heading-title elementor-size-default\">Medienkontakt:<\/h2>\t\t\t\t<\/div>\n\t\t\t\t<\/div>\n\t\t\t\t<div class=\"elementor-element elementor-element-d4398a3 gg-font-v9 gg-class-for-iphone8  elementor-widget elementor-widget-text-editor\" data-id=\"d4398a3\" data-element_type=\"widget\" data-e-type=\"widget\" data-widget_type=\"text-editor.default\">\n\t\t\t\t<div class=\"elementor-widget-container\">\n\t\t\t\t\t\t\t\t\t<p><strong>Expleo<\/strong><br \/>Valentine Eman<br \/>Head of Corporate Communications<br \/><a href=\"mailto:valentine.eman@expleogroup.com\">valentine.eman@expleogroup.com<\/a><br \/>+33 (0) 6 71 15 99 61<\/p>\t\t\t\t\t\t\t\t<\/div>\n\t\t\t\t<\/div>\n\t\t\t\t\t<\/div>\n\t\t<\/div>\n\t\t\t\t\t<\/div>\n\t\t<\/section>\n\t\t\t\t<\/div>\n\t\t","protected":false},"excerpt":{"rendered":"<p>Paris, 16. April 2021 \u2013 Das Supervisory Board von Expleo hat Herv\u00e9 Garnousset zum neuen Global Head of Digital berufen.<\/p>\n","protected":false},"featured_media":1226,"parent":0,"template":"","meta":{"_oasis_is_in_workflow":0,"_oasis_original":0,"_oasis_task_priority":"","footnotes":""},"topic":[114],"insights-single-templates":[386],"industry-taxonomy":[293],"content-type":[20],"country":[113],"service":[],"class_list":["post-704","insights","type-insights","status-publish","has-post-thumbnail","hentry","topic-mitarbeiter-und-management","insights-single-templates-old-template","industry-taxonomy-all","content-type-neuigkeiten","country-global"],"yoast_head":"<!-- This site is optimized with the Yoast SEO Premium plugin v28.3 (Yoast SEO v28.4) - https:\/\/yoast.com\/product\/yoast-seo-premium-wordpress\/ -->\n<title>Herv\u00e9 Garnousset, Expleo Global Head of Digital<\/title>\n<meta name=\"description\" content=\"Expleo\u2019s Supervisory Board announces the appointment of Herv\u00e9 Garnousset as Expleo\u2019s new Global Head of Digital. Lesen Sie Mehr.\" \/>\n<meta name=\"robots\" content=\"index, follow, max-snippet:-1, max-image-preview:large, max-video-preview:-1\" \/>\n<link rel=\"canonical\" href=\"https:\/\/expleo.com\/global\/de\/einblicke\/neuigkeiten\/herve-garnousset-verstaerkt-expleo-als-global-head-of-digital\/\" \/>\n<meta property=\"og:locale\" content=\"de_DE\" \/>\n<meta property=\"og:type\" content=\"article\" \/>\n<meta property=\"og:title\" content=\"Herv\u00e9 Garnousset verst\u00e4rkt Expleo als Global Head of Digital\" \/>\n<meta property=\"og:description\" content=\"Expleo\u2019s Supervisory Board announces the appointment of Herv\u00e9 Garnousset as Expleo\u2019s new Global Head of Digital. Lesen Sie Mehr.\" \/>\n<meta property=\"og:url\" content=\"https:\/\/expleo.com\/global\/de\/einblicke\/neuigkeiten\/herve-garnousset-verstaerkt-expleo-als-global-head-of-digital\/\" \/>\n<meta property=\"og:site_name\" content=\"Global DE\" \/>\n<meta property=\"article:modified_time\" content=\"2024-02-14T17:02:13+00:00\" \/>\n<meta property=\"og:image\" content=\"https:\/\/expleo.com\/global\/de\/wp-content\/uploads\/2021\/10\/services-consultancy-digital-business-1-1280x720-3.jpg\" \/>\n\t<meta property=\"og:image:width\" content=\"1280\" \/>\n\t<meta property=\"og:image:height\" content=\"720\" \/>\n\t<meta property=\"og:image:type\" content=\"image\/jpeg\" \/>\n<meta name=\"twitter:card\" content=\"summary_large_image\" \/>\n<meta name=\"twitter:label1\" content=\"Gesch\u00e4tzte Lesezeit\" \/>\n\t<meta name=\"twitter:data1\" content=\"3\u00a0Minuten\" \/>\n<script type=\"application\/ld+json\" class=\"yoast-schema-graph\">{\"@context\":\"https:\\\/\\\/schema.org\",\"@graph\":[{\"@type\":\"WebPage\",\"@id\":\"https:\\\/\\\/expleo.com\\\/global\\\/de\\\/einblicke\\\/neuigkeiten\\\/herve-garnousset-verstaerkt-expleo-als-global-head-of-digital\\\/\",\"url\":\"https:\\\/\\\/expleo.com\\\/global\\\/de\\\/einblicke\\\/neuigkeiten\\\/herve-garnousset-verstaerkt-expleo-als-global-head-of-digital\\\/\",\"name\":\"Herv\u00e9 Garnousset, Expleo Global Head of Digital\",\"isPartOf\":{\"@id\":\"https:\\\/\\\/expleo.com\\\/global\\\/de\\\/#website\"},\"primaryImageOfPage\":{\"@id\":\"https:\\\/\\\/expleo.com\\\/global\\\/de\\\/einblicke\\\/neuigkeiten\\\/herve-garnousset-verstaerkt-expleo-als-global-head-of-digital\\\/#primaryimage\"},\"image\":{\"@id\":\"https:\\\/\\\/expleo.com\\\/global\\\/de\\\/einblicke\\\/neuigkeiten\\\/herve-garnousset-verstaerkt-expleo-als-global-head-of-digital\\\/#primaryimage\"},\"thumbnailUrl\":\"https:\\\/\\\/expleo.com\\\/global\\\/de\\\/wp-content\\\/uploads\\\/2021\\\/10\\\/services-consultancy-digital-business-1-1280x720-3.jpg\",\"datePublished\":\"2021-04-16T12:12:00+00:00\",\"dateModified\":\"2024-02-14T17:02:13+00:00\",\"description\":\"Expleo\u2019s Supervisory Board announces the appointment of Herv\u00e9 Garnousset as Expleo\u2019s new Global Head of Digital. Lesen Sie Mehr.\",\"breadcrumb\":{\"@id\":\"https:\\\/\\\/expleo.com\\\/global\\\/de\\\/einblicke\\\/neuigkeiten\\\/herve-garnousset-verstaerkt-expleo-als-global-head-of-digital\\\/#breadcrumb\"},\"inLanguage\":\"de\",\"potentialAction\":[{\"@type\":\"ReadAction\",\"target\":[\"https:\\\/\\\/expleo.com\\\/global\\\/de\\\/einblicke\\\/neuigkeiten\\\/herve-garnousset-verstaerkt-expleo-als-global-head-of-digital\\\/\"]}]},{\"@type\":\"ImageObject\",\"inLanguage\":\"de\",\"@id\":\"https:\\\/\\\/expleo.com\\\/global\\\/de\\\/einblicke\\\/neuigkeiten\\\/herve-garnousset-verstaerkt-expleo-als-global-head-of-digital\\\/#primaryimage\",\"url\":\"https:\\\/\\\/expleo.com\\\/global\\\/de\\\/wp-content\\\/uploads\\\/2021\\\/10\\\/services-consultancy-digital-business-1-1280x720-3.jpg\",\"contentUrl\":\"https:\\\/\\\/expleo.com\\\/global\\\/de\\\/wp-content\\\/uploads\\\/2021\\\/10\\\/services-consultancy-digital-business-1-1280x720-3.jpg\",\"width\":1280,\"height\":720,\"caption\":\"A man holding a tablet with virtual icons\"},{\"@type\":\"BreadcrumbList\",\"@id\":\"https:\\\/\\\/expleo.com\\\/global\\\/de\\\/einblicke\\\/neuigkeiten\\\/herve-garnousset-verstaerkt-expleo-als-global-head-of-digital\\\/#breadcrumb\",\"itemListElement\":[{\"@type\":\"ListItem\",\"position\":1,\"name\":\"Home\",\"item\":\"https:\\\/\\\/expleo.com\\\/global\\\/de\\\/\"},{\"@type\":\"ListItem\",\"position\":2,\"name\":\"Einblicke\",\"item\":\"https:\\\/\\\/expleo.com\\\/global\\\/de\\\/einblicke\\\/\"},{\"@type\":\"ListItem\",\"position\":3,\"name\":\"Herv\u00e9 Garnousset verst\u00e4rkt Expleo als Global Head of Digital\"}]},{\"@type\":\"WebSite\",\"@id\":\"https:\\\/\\\/expleo.com\\\/global\\\/de\\\/#website\",\"url\":\"https:\\\/\\\/expleo.com\\\/global\\\/de\\\/\",\"name\":\"Expleo | DE\",\"description\":\"Expleo\",\"publisher\":{\"@id\":\"https:\\\/\\\/expleo.com\\\/global\\\/de\\\/#organization\"},\"potentialAction\":[{\"@type\":\"SearchAction\",\"target\":{\"@type\":\"EntryPoint\",\"urlTemplate\":\"https:\\\/\\\/expleo.com\\\/global\\\/de\\\/?s={search_term_string}\"},\"query-input\":{\"@type\":\"PropertyValueSpecification\",\"valueRequired\":true,\"valueName\":\"search_term_string\"}}],\"inLanguage\":\"de\"},{\"@type\":\"Organization\",\"@id\":\"https:\\\/\\\/expleo.com\\\/global\\\/de\\\/#organization\",\"name\":\"Expleo | DE\",\"url\":\"https:\\\/\\\/expleo.com\\\/global\\\/de\\\/\",\"logo\":{\"@type\":\"ImageObject\",\"inLanguage\":\"de\",\"@id\":\"https:\\\/\\\/expleo.com\\\/global\\\/de\\\/#\\\/schema\\\/logo\\\/image\\\/\",\"url\":\"https:\\\/\\\/expleo.com\\\/global\\\/de\\\/wp-content\\\/uploads\\\/2019\\\/02\\\/expleo-logo-and-tagline.png\",\"contentUrl\":\"https:\\\/\\\/expleo.com\\\/global\\\/de\\\/wp-content\\\/uploads\\\/2019\\\/02\\\/expleo-logo-and-tagline.png\",\"width\":1600,\"height\":774,\"caption\":\"Expleo | DE\"},\"image\":{\"@id\":\"https:\\\/\\\/expleo.com\\\/global\\\/de\\\/#\\\/schema\\\/logo\\\/image\\\/\"}}]}<\/script>\n<!-- \/ Yoast SEO Premium plugin. -->","yoast_head_json":{"title":"Herv\u00e9 Garnousset, Expleo Global Head of Digital","description":"Expleo\u2019s Supervisory Board announces the appointment of Herv\u00e9 Garnousset as Expleo\u2019s new Global Head of Digital. Lesen Sie Mehr.","robots":{"index":"index","follow":"follow","max-snippet":"max-snippet:-1","max-image-preview":"max-image-preview:large","max-video-preview":"max-video-preview:-1"},"canonical":"https:\/\/expleo.com\/global\/de\/einblicke\/neuigkeiten\/herve-garnousset-verstaerkt-expleo-als-global-head-of-digital\/","og_locale":"de_DE","og_type":"article","og_title":"Herv\u00e9 Garnousset verst\u00e4rkt Expleo als Global Head of Digital","og_description":"Expleo\u2019s Supervisory Board announces the appointment of Herv\u00e9 Garnousset as Expleo\u2019s new Global Head of Digital. Lesen Sie Mehr.","og_url":"https:\/\/expleo.com\/global\/de\/einblicke\/neuigkeiten\/herve-garnousset-verstaerkt-expleo-als-global-head-of-digital\/","og_site_name":"Global DE","article_modified_time":"2024-02-14T17:02:13+00:00","og_image":[{"width":1280,"height":720,"url":"https:\/\/expleo.com\/global\/de\/wp-content\/uploads\/2021\/10\/services-consultancy-digital-business-1-1280x720-3.jpg","type":"image\/jpeg"}],"twitter_card":"summary_large_image","twitter_misc":{"Gesch\u00e4tzte Lesezeit":"3\u00a0Minuten"},"schema":{"@context":"https:\/\/schema.org","@graph":[{"@type":"WebPage","@id":"https:\/\/expleo.com\/global\/de\/einblicke\/neuigkeiten\/herve-garnousset-verstaerkt-expleo-als-global-head-of-digital\/","url":"https:\/\/expleo.com\/global\/de\/einblicke\/neuigkeiten\/herve-garnousset-verstaerkt-expleo-als-global-head-of-digital\/","name":"Herv\u00e9 Garnousset, Expleo Global Head of Digital","isPartOf":{"@id":"https:\/\/expleo.com\/global\/de\/#website"},"primaryImageOfPage":{"@id":"https:\/\/expleo.com\/global\/de\/einblicke\/neuigkeiten\/herve-garnousset-verstaerkt-expleo-als-global-head-of-digital\/#primaryimage"},"image":{"@id":"https:\/\/expleo.com\/global\/de\/einblicke\/neuigkeiten\/herve-garnousset-verstaerkt-expleo-als-global-head-of-digital\/#primaryimage"},"thumbnailUrl":"https:\/\/expleo.com\/global\/de\/wp-content\/uploads\/2021\/10\/services-consultancy-digital-business-1-1280x720-3.jpg","datePublished":"2021-04-16T12:12:00+00:00","dateModified":"2024-02-14T17:02:13+00:00","description":"Expleo\u2019s Supervisory Board announces the appointment of Herv\u00e9 Garnousset as Expleo\u2019s new Global Head of Digital. Lesen Sie Mehr.","breadcrumb":{"@id":"https:\/\/expleo.com\/global\/de\/einblicke\/neuigkeiten\/herve-garnousset-verstaerkt-expleo-als-global-head-of-digital\/#breadcrumb"},"inLanguage":"de","potentialAction":[{"@type":"ReadAction","target":["https:\/\/expleo.com\/global\/de\/einblicke\/neuigkeiten\/herve-garnousset-verstaerkt-expleo-als-global-head-of-digital\/"]}]},{"@type":"ImageObject","inLanguage":"de","@id":"https:\/\/expleo.com\/global\/de\/einblicke\/neuigkeiten\/herve-garnousset-verstaerkt-expleo-als-global-head-of-digital\/#primaryimage","url":"https:\/\/expleo.com\/global\/de\/wp-content\/uploads\/2021\/10\/services-consultancy-digital-business-1-1280x720-3.jpg","contentUrl":"https:\/\/expleo.com\/global\/de\/wp-content\/uploads\/2021\/10\/services-consultancy-digital-business-1-1280x720-3.jpg","width":1280,"height":720,"caption":"A man holding a tablet with virtual icons"},{"@type":"BreadcrumbList","@id":"https:\/\/expleo.com\/global\/de\/einblicke\/neuigkeiten\/herve-garnousset-verstaerkt-expleo-als-global-head-of-digital\/#breadcrumb","itemListElement":[{"@type":"ListItem","position":1,"name":"Home","item":"https:\/\/expleo.com\/global\/de\/"},{"@type":"ListItem","position":2,"name":"Einblicke","item":"https:\/\/expleo.com\/global\/de\/einblicke\/"},{"@type":"ListItem","position":3,"name":"Herv\u00e9 Garnousset verst\u00e4rkt Expleo als Global Head of Digital"}]},{"@type":"WebSite","@id":"https:\/\/expleo.com\/global\/de\/#website","url":"https:\/\/expleo.com\/global\/de\/","name":"Expleo | DE","description":"Expleo","publisher":{"@id":"https:\/\/expleo.com\/global\/de\/#organization"},"potentialAction":[{"@type":"SearchAction","target":{"@type":"EntryPoint","urlTemplate":"https:\/\/expleo.com\/global\/de\/?s={search_term_string}"},"query-input":{"@type":"PropertyValueSpecification","valueRequired":true,"valueName":"search_term_string"}}],"inLanguage":"de"},{"@type":"Organization","@id":"https:\/\/expleo.com\/global\/de\/#organization","name":"Expleo | DE","url":"https:\/\/expleo.com\/global\/de\/","logo":{"@type":"ImageObject","inLanguage":"de","@id":"https:\/\/expleo.com\/global\/de\/#\/schema\/logo\/image\/","url":"https:\/\/expleo.com\/global\/de\/wp-content\/uploads\/2019\/02\/expleo-logo-and-tagline.png","contentUrl":"https:\/\/expleo.com\/global\/de\/wp-content\/uploads\/2019\/02\/expleo-logo-and-tagline.png","width":1600,"height":774,"caption":"Expleo | DE"},"image":{"@id":"https:\/\/expleo.com\/global\/de\/#\/schema\/logo\/image\/"}}]}},"hreflang":{"rendered":"<link rel=\"alternate\" href=\"https:\/\/expleo.com\/global\/en\/einblicke\/news\/herve-garnousset-joins-expleo-as-global-head-of-digital\/\" hreflang=\"x-default\"\/>\n<link rel=\"alternate\" href=\"https:\/\/expleo.com\/global\/en\/einblicke\/news\/herve-garnousset-joins-expleo-as-global-head-of-digital\/\" hreflang=\"en\"\/>\n<link rel=\"alternate\" href=\"https:\/\/expleo.com\/global\/fr\/einblicke\/actualite\/herve-garnousset-rejoint-expleo-en-tant-que-directeur-du-digital\/\" hreflang=\"fr\"\/>\n<link rel=\"alternate\" href=\"https:\/\/expleo.com\/global\/de\/einblicke\/neuigkeiten\/herve-garnousset-verstaerkt-expleo-als-global-head-of-digital\/\" hreflang=\"de\"\/>\n","structure":[{"blogId":4,"blogIsHidden":false,"postId":795,"url":"https:\/\/expleo.com\/global\/en\/einblicke\/news\/herve-garnousset-joins-expleo-as-global-head-of-digital\/","language":"en","default":true},{"blogId":5,"blogIsHidden":false,"postId":723,"url":"https:\/\/expleo.com\/global\/fr\/einblicke\/actualite\/herve-garnousset-rejoint-expleo-en-tant-que-directeur-du-digital\/","language":"fr","default":false},{"blogId":6,"blogIsHidden":false,"postId":704,"url":"https:\/\/expleo.com\/global\/de\/einblicke\/neuigkeiten\/herve-garnousset-verstaerkt-expleo-als-global-head-of-digital\/","language":"de","default":false}]},"_links":{"self":[{"href":"https:\/\/expleo.com\/global\/de\/wp-json\/wp\/v2\/insights\/704","targetHints":{"allow":["GET"]}}],"collection":[{"href":"https:\/\/expleo.com\/global\/de\/wp-json\/wp\/v2\/insights"}],"about":[{"href":"https:\/\/expleo.com\/global\/de\/wp-json\/wp\/v2\/types\/insights"}],"version-history":[{"count":0,"href":"https:\/\/expleo.com\/global\/de\/wp-json\/wp\/v2\/insights\/704\/revisions"}],"wp:featuredmedia":[{"embeddable":true,"href":"https:\/\/expleo.com\/global\/de\/wp-json\/wp\/v2\/media\/1226"}],"wp:attachment":[{"href":"https:\/\/expleo.com\/global\/de\/wp-json\/wp\/v2\/media?parent=704"}],"wp:term":[{"taxonomy":"topic","embeddable":true,"href":"https:\/\/expleo.com\/global\/de\/wp-json\/wp\/v2\/topic?post=704"},{"taxonomy":"insights-single-templates","embeddable":true,"href":"https:\/\/expleo.com\/global\/de\/wp-json\/wp\/v2\/insights-single-templates?post=704"},{"taxonomy":"industry-taxonomy","embeddable":true,"href":"https:\/\/expleo.com\/global\/de\/wp-json\/wp\/v2\/industry-taxonomy?post=704"},{"taxonomy":"content-type","embeddable":true,"href":"https:\/\/expleo.com\/global\/de\/wp-json\/wp\/v2\/content-type?post=704"},{"taxonomy":"country","embeddable":true,"href":"https:\/\/expleo.com\/global\/de\/wp-json\/wp\/v2\/country?post=704"},{"taxonomy":"service","embeddable":true,"href":"https:\/\/expleo.com\/global\/de\/wp-json\/wp\/v2\/service?post=704"}],"curies":[{"name":"wp","href":"https:\/\/api.w.org\/{rel}","templated":true}]}}