{"id":49531,"date":"2025-10-21T06:29:28","date_gmt":"2025-10-21T06:29:28","guid":{"rendered":"https:\/\/expleo.com\/global\/en\/?post_type=insights&#038;p=111020"},"modified":"2026-03-30T09:42:48","modified_gmt":"2026-03-30T09:42:48","slug":"bulle-ia-confiance-stable","status":"publish","type":"insights","link":"https:\/\/expleo.com\/global\/fr\/perspectives\/actualite\/bulle-ia-confiance-stable\/","title":{"rendered":"Les dirigeants fran\u00e7ais alertent sur une bulle IA malgr\u00e9 une confiance stable dans les b\u00e9n\u00e9fices de l\u2019IA"},"content":{"rendered":"\t\t<div data-elementor-type=\"wp-post\" data-elementor-id=\"49531\" class=\"elementor elementor-49531\" data-elementor-post-type=\"insights\">\n\t\t\t\t\t\t<section class=\"elementor-section elementor-top-section elementor-element elementor-element-7fe9c3d5 gg-article-content gg-standard-article-template gg-simple-text gg-container-tiny elementor-section-boxed elementor-section-height-default elementor-section-height-default\" data-id=\"7fe9c3d5\" data-element_type=\"section\" data-e-type=\"section\">\n\t\t\t\t\t\t<div class=\"elementor-container elementor-column-gap-default\">\n\t\t\t\t\t<div class=\"elementor-column elementor-col-100 elementor-top-column elementor-element elementor-element-17daaf29\" data-id=\"17daaf29\" data-element_type=\"column\" data-e-type=\"column\">\n\t\t\t<div class=\"elementor-widget-wrap elementor-element-populated\">\n\t\t\t\t\t\t<div class=\"elementor-element elementor-element-4c4f0f8f elementor-widget elementor-widget-text-editor\" data-id=\"4c4f0f8f\" data-element_type=\"widget\" data-e-type=\"widget\" data-widget_type=\"text-editor.default\">\n\t\t\t\t<div class=\"elementor-widget-container\">\n\t\t\t\t\t\t\t\t\t<p><strong>Paris, France, 21 octobre 2025<\/strong> &#8211; La confiance des dirigeants fran\u00e7ais dans l\u2019IA reste forte (66 pts), mais 51 % craignent une bulle o\u00f9 attentes et investissements d\u00e9passent la r\u00e9alit\u00e9.<\/p>\t\t\t\t\t\t\t\t<\/div>\n\t\t\t\t<\/div>\n\t\t\t\t<div class=\"elementor-element elementor-element-4f20099 elementor-widget elementor-widget-image\" data-id=\"4f20099\" data-element_type=\"widget\" data-e-type=\"widget\" data-widget_type=\"image.default\">\n\t\t\t\t<div class=\"elementor-widget-container\">\n\t\t\t\t\t\t\t\t\t\t\t\t\t\t\t<img fetchpriority=\"high\" decoding=\"async\" width=\"800\" height=\"450\" src=\"https:\/\/expleo.com\/global\/fr\/wp-content\/uploads\/2025\/09\/ai-pulse_bubble_2025-09_france_inpage-1024x576.jpg\" class=\"attachment-large size-large wp-image-49529\" alt=\"Infographic in French with a woman&#039;s portrait, a brain shape, and text: &quot;Sommes-nous dans une &#039;bulle IA&#039;?&quot; Bar graphs show 51% say yes, 38% say no, and 11% don\u2019t know. Wave graphs and survey stats are in the background.\" srcset=\"https:\/\/expleo.com\/global\/fr\/wp-content\/uploads\/2025\/09\/ai-pulse_bubble_2025-09_france_inpage-1024x576.jpg 1024w, https:\/\/expleo.com\/global\/fr\/wp-content\/uploads\/2025\/09\/ai-pulse_bubble_2025-09_france_inpage-300x169.jpg 300w, https:\/\/expleo.com\/global\/fr\/wp-content\/uploads\/2025\/09\/ai-pulse_bubble_2025-09_france_inpage-768x432.jpg 768w, https:\/\/expleo.com\/global\/fr\/wp-content\/uploads\/2025\/09\/ai-pulse_bubble_2025-09_france_inpage.jpg 1280w\" sizes=\"(max-width: 800px) 100vw, 800px\" \/>\t\t\t\t\t\t\t\t\t\t\t\t\t\t\t<\/div>\n\t\t\t\t<\/div>\n\t\t\t\t<div class=\"elementor-element elementor-element-c52184f elementor-widget elementor-widget-heading\" data-id=\"c52184f\" data-element_type=\"widget\" data-e-type=\"widget\" data-widget_type=\"heading.default\">\n\t\t\t\t<div class=\"elementor-widget-container\">\n\t\t\t\t\t<h2 class=\"elementor-heading-title elementor-size-default\">L\u2019IA s\u00e9duit davantage les dirigeants, mais la prudence s\u2019installe<\/h2>\t\t\t\t<\/div>\n\t\t\t\t<\/div>\n\t\t\t\t<div class=\"elementor-element elementor-element-a53bf74 elementor-widget elementor-widget-text-editor\" data-id=\"a53bf74\" data-element_type=\"widget\" data-e-type=\"widget\" data-widget_type=\"text-editor.default\">\n\t\t\t\t<div class=\"elementor-widget-container\">\n\t\t\t\t\t\t\t\t\t<p>Plus de 200 dirigeants ont particip\u00e9 \u00e0 cette deuxi\u00e8me vague du barom\u00e8tre, permettant de suivre les \u00e9volutions par rapport \u00e0 ao\u00fbt 2025. Alors que <span class=\"gg-bold-text\">47 % se d\u00e9clarent d\u00e9sormais confiants<\/span> dans la mani\u00e8re dont l\u2019IA transforme leur organisation (+10 points), cette progression positive est contrebalanc\u00e9e par certaines r\u00e9serves\u00a0:<\/p>\n<ul>\n<li><span class=\"gg-bold-text\">72 % seulement estiment que leur entreprise sait utiliser<\/span> efficacement l\u2019IA (-4 points par rapport \u00e0 ao\u00fbt) ;<\/li>\n<li><span class=\"gg-bold-text\">69 % d\u00e9clarent faire confiance \u00e0 leur entreprise<\/span> pour l\u2019exploiter de fa\u00e7on \u00e9thique, contre 76 % le mois pr\u00e9c\u00e9dent.<\/li>\n<\/ul>\n<p>Ces r\u00e9sultats traduisent un double mouvement : d\u2019avantage de confiance dans le potentiel de transformation de l\u2019IA, mais aussi une lucidit\u00e9 croissante sur les risques possibles d\u2019emballement.<\/p>\n<p>\u00ab\u00a0<em>La confiance reste \u00e9lev\u00e9e dans les b\u00e9n\u00e9fices de l\u2019IA, mais la prudence gagne du terrain\u00a0: c\u2019est le signe que les acteurs \u00e9conomiques souhaitent sortir d\u2019une logique d\u2019annonces spectaculaires pour entrer dans celle des usages concrets et d\u2019un d\u00e9ploiement pragmatique<\/em>.\u00a0\u00bb explique Damien Lasou, Directeur G\u00e9n\u00e9ral France d\u2019Expleo.<\/p>\n<p>Si l\u2019IA demeure per\u00e7ue comme une opportunit\u00e9 \u00e9conomique forte, les interrogations individuelles progressent. En effet, <span class=\"gg-bold-text\">44 % des dirigeants expriment d\u00e9sormais une inqui\u00e9tude concernant l\u2019impact de l\u2019IA<\/span> sur leur propre poste, contre 38 % en ao\u00fbt 2025.<\/p>\n<p>Malgr\u00e9 ces signes de prudence, l\u2019optimisme global reste encore \u00e9lev\u00e9\u00a0: <span class=\"gg-bold-text\">68 % des dirigeants consid\u00e8rent que l\u2019IA est b\u00e9n\u00e9fique pour <\/span>leurs activit\u00e9s, en hausse de 5 points par rapport au mois dernier.<\/p>\t\t\t\t\t\t\t\t<\/div>\n\t\t\t\t<\/div>\n\t\t\t\t<div class=\"elementor-element elementor-element-66b9caa elementor-widget elementor-widget-heading\" data-id=\"66b9caa\" data-element_type=\"widget\" data-e-type=\"widget\" data-widget_type=\"heading.default\">\n\t\t\t\t<div class=\"elementor-widget-container\">\n\t\t\t\t\t<h2 class=\"elementor-heading-title elementor-size-default\">L\u2019IA en devenir : levier de croissance ou bulle sp\u00e9culative ?<\/h2>\t\t\t\t<\/div>\n\t\t\t\t<\/div>\n\t\t\t\t<div class=\"elementor-element elementor-element-5083fb0 elementor-widget elementor-widget-text-editor\" data-id=\"5083fb0\" data-element_type=\"widget\" data-e-type=\"widget\" data-widget_type=\"text-editor.default\">\n\t\t\t\t<div class=\"elementor-widget-container\">\n\t\t\t\t\t\t\t\t\t<p>Lev\u00e9es de fonds record, essor des mod\u00e8les g\u00e9n\u00e9ratifs, int\u00e9gration acc\u00e9l\u00e9r\u00e9e : en un an, l\u2019IA a nourri autant d\u2019enthousiasme que de doutes. Pour certains observateurs, la situation rappelle la bulle Internet des ann\u00e9es 2000 : une expansion rapide o\u00f9 se m\u00ealent innovations durables et sp\u00e9culations excessives.<\/p>\n<p>Cette perception est partag\u00e9e par <span class=\"gg-bold-text\">une majorit\u00e9 de dirigeants (51 %),<\/span> qui estiment que nous sommes d\u00e9j\u00e0 entr\u00e9s dans une v\u00e9ritable \u00ab\u00a0bulle IA\u00a0\u00bb, marqu\u00e9e par des attentes et des investissements sup\u00e9rieurs aux capacit\u00e9s actuelles de la technologie. \u00c0 l\u2019inverse, 38 % jugent ces inqui\u00e9tudes exag\u00e9r\u00e9es.<\/p>\n<p><em>\u00ab\u00a0L\u2019un des enseignements majeurs de notre barom\u00e8tre ce mois-ci est la confiance croissante dans la transformation que l\u2019IA op\u00e8re d\u00e9j\u00e0 au sein des organisations. L\u2019IA ne doit pas \u00eatre per\u00e7ue comme une vague sp\u00e9culative, mais une transformation concr\u00e8te des mod\u00e8les \u00e9conomiques et des organisations. Chez Expleo, nous ne dissocions pas l\u2019innovation technologique de l\u2019intelligence humaine ni de la r\u00e9alit\u00e9 industrielle : derri\u00e8re chaque projet IA, nous devons \u00eatre mobilis\u00e9s pour apporter des solutions \u00e0 des besoins r\u00e9els \u00bb, analyse Damien Lasou<\/em>.<\/p>\n<p>Cette ambivalence se retrouve dans la perception globale : l\u2019IA est per\u00e7ue comme un <span class=\"gg-bold-text\">levier de comp\u00e9titivit\u00e9, d\u2019innovation et de productivit\u00e9<\/span>, mais les dirigeants alertent sur le risque d\u2019un d\u00e9calage entre promesses affich\u00e9es et r\u00e9alit\u00e9 op\u00e9rationnelle.<\/p>\t\t\t\t\t\t\t\t<\/div>\n\t\t\t\t<\/div>\n\t\t\t\t<div class=\"elementor-element elementor-element-492afbf elementor-widget elementor-widget-heading\" data-id=\"492afbf\" data-element_type=\"widget\" data-e-type=\"widget\" data-widget_type=\"heading.default\">\n\t\t\t\t<div class=\"elementor-widget-container\">\n\t\t\t\t\t<h2 class=\"elementor-heading-title elementor-size-default\">M\u00e9thodologie de l\u2019\u00e9tude<\/h2>\t\t\t\t<\/div>\n\t\t\t\t<\/div>\n\t\t\t\t<div class=\"elementor-element elementor-element-a3cd2a4 elementor-widget elementor-widget-text-editor\" data-id=\"a3cd2a4\" data-element_type=\"widget\" data-e-type=\"widget\" data-widget_type=\"text-editor.default\">\n\t\t\t\t<div class=\"elementor-widget-container\">\n\t\t\t\t\t\t\t\t\t<p>L\u2019indice de confiance \u00ab\u00a0Expleo AI Pulse\u00a0\u00bb mesure le sentiment des dirigeants autour de l\u2019utilisation de l\u2019IA, sur une \u00e9chelle de 0 (tr\u00e8s inquiet) \u00e0 100 (tr\u00e8s confiant). Cet indice de confiance r\u00e9v\u00e8le les niveaux d\u2019inqui\u00e9tude, d\u2019enthousiasme, de confiance et d\u2019assurance \u00e0 l\u2019\u00e9gard de la technologie pilot\u00e9e par l\u2019IA.<\/p>\n<p>L\u2019indice de confiance de l\u2019intelligence artificielle \u00ab\u00a0Expleo AI Pulse\u00a0\u00bb est men\u00e9 pour le compte d\u2019Expleo par l\u2019institut <a href=\"https:\/\/www.opinium.com\/\" target=\"_blank\" rel=\"noopener\">Opinium<\/a>. L\u2019\u00e9tude, r\u00e9alis\u00e9e chaque mois depuis ao\u00fbt 2025, recueille les opinions de 600 dirigeants d\u2019entreprises en France, au Royaume-Uni et en Allemagne.<\/p>\t\t\t\t\t\t\t\t<\/div>\n\t\t\t\t<\/div>\n\t\t\t\t<div class=\"elementor-element elementor-element-24fb80b gg-button-v8 elementor-align-center elementor-widget elementor-widget-button\" data-id=\"24fb80b\" data-element_type=\"widget\" data-e-type=\"widget\" data-widget_type=\"button.default\">\n\t\t\t\t<div class=\"elementor-widget-container\">\n\t\t\t\t\t\t\t\t\t<div class=\"elementor-button-wrapper\">\n\t\t\t\t\t<a class=\"elementor-button elementor-button-link elementor-size-sm\" href=\"https:\/\/expleo.com\/global\/fr\/perspectives\/campagne\/the-expleo-ai-pulse\/\">\n\t\t\t\t\t\t<span class=\"elementor-button-content-wrapper\">\n\t\t\t\t\t\t\t\t\t<span class=\"elementor-button-text\">En savoir plus sur Expleo AI Pulse<\/span>\n\t\t\t\t\t<\/span>\n\t\t\t\t\t<\/a>\n\t\t\t\t<\/div>\n\t\t\t\t\t\t\t\t<\/div>\n\t\t\t\t<\/div>\n\t\t\t\t\t<\/div>\n\t\t<\/div>\n\t\t\t\t\t<\/div>\n\t\t<\/section>\n\t\t\t\t<\/div>\n\t\t","protected":false},"excerpt":{"rendered":"<p>Pour le deuxi\u00e8me mois cons\u00e9cutif, la confiance des dirigeants fran\u00e7ais dans l\u2019IA se maintient \u00e0 un score \u00e9lev\u00e9 (66 points en septembre 2025). Mais derri\u00e8re cette stabilit\u00e9 se profile un d\u00e9bat br\u00fblant : une majorit\u00e9 (51 %) estime que nous vivons d\u00e9j\u00e0 une \u00ab bulle IA \u00bb, o\u00f9 les investissements et attentes surpassent les capacit\u00e9s r\u00e9elles de la technologie, tandis que 38 % jugent ces craintes infond\u00e9es.<\/p>\n","protected":false},"author":81,"featured_media":49643,"parent":0,"template":"","meta":{"_oasis_is_in_workflow":0,"_oasis_original":0,"_oasis_task_priority":"2normal","footnotes":""},"topic":[137,184,126,122,125],"insights-single-templates":[],"industry-taxonomy":[373],"content-type":[20],"country":[116],"service":[187,188],"class_list":["post-49531","insights","type-insights","status-publish","has-post-thumbnail","hentry","topic-artificial-intelligence-and-robotics","topic-data-science-and-cybersecurity","topic-industry-4-0","topic-innovation-and-r-and-d","topic-transformation-numerique","industry-taxonomy-all","content-type-actualite","country-global","service-conseils-en-transformation","service-transformation-digitale"],"yoast_head":"<!-- This site is optimized with the Yoast SEO Premium plugin v27.0 (Yoast SEO v27.4) - https:\/\/yoast.com\/product\/yoast-seo-premium-wordpress\/ -->\n<title>Expleo | Les dirigeants fran\u00e7ais alertent sur une bulle IA<\/title>\n<meta name=\"description\" content=\"La confiance des dirigeants fran\u00e7ais dans l\u2019IA reste forte, mais 51 % craignent une bulle o\u00f9 investissements d\u00e9passent la r\u00e9alit\u00e9.\" \/>\n<meta name=\"robots\" content=\"index, follow, max-snippet:-1, max-image-preview:large, max-video-preview:-1\" \/>\n<link rel=\"canonical\" href=\"https:\/\/expleo.com\/global\/fr\/perspectives\/actualite\/bulle-ia-confiance-stable\/\" \/>\n<meta property=\"og:locale\" content=\"fr_FR\" \/>\n<meta property=\"og:type\" content=\"article\" \/>\n<meta property=\"og:title\" content=\"Les dirigeants fran\u00e7ais alertent sur une bulle IA malgr\u00e9 une confiance stable dans les b\u00e9n\u00e9fices de l\u2019IA\" \/>\n<meta property=\"og:description\" content=\"La confiance des dirigeants fran\u00e7ais dans l\u2019IA reste forte, mais 51 % craignent une bulle o\u00f9 investissements d\u00e9passent la r\u00e9alit\u00e9.\" \/>\n<meta property=\"og:url\" content=\"https:\/\/expleo.com\/global\/fr\/perspectives\/actualite\/bulle-ia-confiance-stable\/\" \/>\n<meta property=\"og:site_name\" content=\"Global FR\" \/>\n<meta property=\"article:modified_time\" content=\"2026-03-30T09:42:48+00:00\" \/>\n<meta property=\"og:image\" content=\"https:\/\/expleo.com\/global\/fr\/wp-content\/uploads\/2025\/10\/ai-pulse_bubble_2025-09_france_featured.jpg\" \/>\n\t<meta property=\"og:image:width\" content=\"1280\" \/>\n\t<meta property=\"og:image:height\" content=\"720\" \/>\n\t<meta property=\"og:image:type\" content=\"image\/jpeg\" \/>\n<meta name=\"twitter:card\" content=\"summary_large_image\" \/>\n<meta name=\"twitter:label1\" content=\"Est. reading time\" \/>\n\t<meta name=\"twitter:data1\" content=\"4 minutes\" \/>\n<script type=\"application\/ld+json\" class=\"yoast-schema-graph\">{\"@context\":\"https:\\\/\\\/schema.org\",\"@graph\":[{\"@type\":\"WebPage\",\"@id\":\"https:\\\/\\\/expleo.com\\\/global\\\/fr\\\/perspectives\\\/actualite\\\/bulle-ia-confiance-stable\\\/\",\"url\":\"https:\\\/\\\/expleo.com\\\/global\\\/fr\\\/perspectives\\\/actualite\\\/bulle-ia-confiance-stable\\\/\",\"name\":\"Expleo | Les dirigeants fran\u00e7ais alertent sur une bulle IA\",\"isPartOf\":{\"@id\":\"https:\\\/\\\/expleo.com\\\/global\\\/fr\\\/#website\"},\"primaryImageOfPage\":{\"@id\":\"https:\\\/\\\/expleo.com\\\/global\\\/fr\\\/perspectives\\\/actualite\\\/bulle-ia-confiance-stable\\\/#primaryimage\"},\"image\":{\"@id\":\"https:\\\/\\\/expleo.com\\\/global\\\/fr\\\/perspectives\\\/actualite\\\/bulle-ia-confiance-stable\\\/#primaryimage\"},\"thumbnailUrl\":\"https:\\\/\\\/expleo.com\\\/global\\\/fr\\\/wp-content\\\/uploads\\\/2025\\\/10\\\/ai-pulse_bubble_2025-09_france_featured.jpg\",\"datePublished\":\"2025-10-21T06:29:28+00:00\",\"dateModified\":\"2026-03-30T09:42:48+00:00\",\"description\":\"La confiance des dirigeants fran\u00e7ais dans l\u2019IA reste forte, mais 51 % craignent une bulle o\u00f9 investissements d\u00e9passent la r\u00e9alit\u00e9.\",\"breadcrumb\":{\"@id\":\"https:\\\/\\\/expleo.com\\\/global\\\/fr\\\/perspectives\\\/actualite\\\/bulle-ia-confiance-stable\\\/#breadcrumb\"},\"inLanguage\":\"fr-FR\",\"potentialAction\":[{\"@type\":\"ReadAction\",\"target\":[\"https:\\\/\\\/expleo.com\\\/global\\\/fr\\\/perspectives\\\/actualite\\\/bulle-ia-confiance-stable\\\/\"]}]},{\"@type\":\"ImageObject\",\"inLanguage\":\"fr-FR\",\"@id\":\"https:\\\/\\\/expleo.com\\\/global\\\/fr\\\/perspectives\\\/actualite\\\/bulle-ia-confiance-stable\\\/#primaryimage\",\"url\":\"https:\\\/\\\/expleo.com\\\/global\\\/fr\\\/wp-content\\\/uploads\\\/2025\\\/10\\\/ai-pulse_bubble_2025-09_france_featured.jpg\",\"contentUrl\":\"https:\\\/\\\/expleo.com\\\/global\\\/fr\\\/wp-content\\\/uploads\\\/2025\\\/10\\\/ai-pulse_bubble_2025-09_france_featured.jpg\",\"width\":1280,\"height\":720,\"caption\":\"A bar chart on a purple background with a brain illustration shows responses to \\\"Sommes-nous dans une 'bulle IA' ?\\\" 51% say yes, 38% say no, and 11% are unsure. Wavy colored lines appear behind the brain.\"},{\"@type\":\"BreadcrumbList\",\"@id\":\"https:\\\/\\\/expleo.com\\\/global\\\/fr\\\/perspectives\\\/actualite\\\/bulle-ia-confiance-stable\\\/#breadcrumb\",\"itemListElement\":[{\"@type\":\"ListItem\",\"position\":1,\"name\":\"Home\",\"item\":\"https:\\\/\\\/expleo.com\\\/global\\\/fr\\\/\"},{\"@type\":\"ListItem\",\"position\":2,\"name\":\"Perspectives\",\"item\":\"https:\\\/\\\/expleo.com\\\/global\\\/fr\\\/perspectives\\\/\"},{\"@type\":\"ListItem\",\"position\":3,\"name\":\"Les dirigeants fran\u00e7ais alertent sur une bulle IA malgr\u00e9 une confiance stable dans les b\u00e9n\u00e9fices de l\u2019IA\"}]},{\"@type\":\"WebSite\",\"@id\":\"https:\\\/\\\/expleo.com\\\/global\\\/fr\\\/#website\",\"url\":\"https:\\\/\\\/expleo.com\\\/global\\\/fr\\\/\",\"name\":\"Expleo | FR\",\"description\":\"Expleo\",\"publisher\":{\"@id\":\"https:\\\/\\\/expleo.com\\\/global\\\/fr\\\/#organization\"},\"potentialAction\":[{\"@type\":\"SearchAction\",\"target\":{\"@type\":\"EntryPoint\",\"urlTemplate\":\"https:\\\/\\\/expleo.com\\\/global\\\/fr\\\/?s={search_term_string}\"},\"query-input\":{\"@type\":\"PropertyValueSpecification\",\"valueRequired\":true,\"valueName\":\"search_term_string\"}}],\"inLanguage\":\"fr-FR\"},{\"@type\":\"Organization\",\"@id\":\"https:\\\/\\\/expleo.com\\\/global\\\/fr\\\/#organization\",\"name\":\"Expleo | FR\",\"url\":\"https:\\\/\\\/expleo.com\\\/global\\\/fr\\\/\",\"logo\":{\"@type\":\"ImageObject\",\"inLanguage\":\"fr-FR\",\"@id\":\"https:\\\/\\\/expleo.com\\\/global\\\/fr\\\/#\\\/schema\\\/logo\\\/image\\\/\",\"url\":\"https:\\\/\\\/expleo.com\\\/global\\\/fr\\\/wp-content\\\/uploads\\\/2019\\\/02\\\/expleo-logo-and-tagline.png\",\"contentUrl\":\"https:\\\/\\\/expleo.com\\\/global\\\/fr\\\/wp-content\\\/uploads\\\/2019\\\/02\\\/expleo-logo-and-tagline.png\",\"width\":1600,\"height\":774,\"caption\":\"Expleo | FR\"},\"image\":{\"@id\":\"https:\\\/\\\/expleo.com\\\/global\\\/fr\\\/#\\\/schema\\\/logo\\\/image\\\/\"}}]}<\/script>\n<!-- \/ Yoast SEO Premium plugin. -->","yoast_head_json":{"title":"Expleo | Les dirigeants fran\u00e7ais alertent sur une bulle IA","description":"La confiance des dirigeants fran\u00e7ais dans l\u2019IA reste forte, mais 51 % craignent une bulle o\u00f9 investissements d\u00e9passent la r\u00e9alit\u00e9.","robots":{"index":"index","follow":"follow","max-snippet":"max-snippet:-1","max-image-preview":"max-image-preview:large","max-video-preview":"max-video-preview:-1"},"canonical":"https:\/\/expleo.com\/global\/fr\/perspectives\/actualite\/bulle-ia-confiance-stable\/","og_locale":"fr_FR","og_type":"article","og_title":"Les dirigeants fran\u00e7ais alertent sur une bulle IA malgr\u00e9 une confiance stable dans les b\u00e9n\u00e9fices de l\u2019IA","og_description":"La confiance des dirigeants fran\u00e7ais dans l\u2019IA reste forte, mais 51 % craignent une bulle o\u00f9 investissements d\u00e9passent la r\u00e9alit\u00e9.","og_url":"https:\/\/expleo.com\/global\/fr\/perspectives\/actualite\/bulle-ia-confiance-stable\/","og_site_name":"Global FR","article_modified_time":"2026-03-30T09:42:48+00:00","og_image":[{"width":1280,"height":720,"url":"https:\/\/expleo.com\/global\/fr\/wp-content\/uploads\/2025\/10\/ai-pulse_bubble_2025-09_france_featured.jpg","type":"image\/jpeg"}],"twitter_card":"summary_large_image","twitter_misc":{"Est. reading time":"4 minutes"},"schema":{"@context":"https:\/\/schema.org","@graph":[{"@type":"WebPage","@id":"https:\/\/expleo.com\/global\/fr\/perspectives\/actualite\/bulle-ia-confiance-stable\/","url":"https:\/\/expleo.com\/global\/fr\/perspectives\/actualite\/bulle-ia-confiance-stable\/","name":"Expleo | Les dirigeants fran\u00e7ais alertent sur une bulle IA","isPartOf":{"@id":"https:\/\/expleo.com\/global\/fr\/#website"},"primaryImageOfPage":{"@id":"https:\/\/expleo.com\/global\/fr\/perspectives\/actualite\/bulle-ia-confiance-stable\/#primaryimage"},"image":{"@id":"https:\/\/expleo.com\/global\/fr\/perspectives\/actualite\/bulle-ia-confiance-stable\/#primaryimage"},"thumbnailUrl":"https:\/\/expleo.com\/global\/fr\/wp-content\/uploads\/2025\/10\/ai-pulse_bubble_2025-09_france_featured.jpg","datePublished":"2025-10-21T06:29:28+00:00","dateModified":"2026-03-30T09:42:48+00:00","description":"La confiance des dirigeants fran\u00e7ais dans l\u2019IA reste forte, mais 51 % craignent une bulle o\u00f9 investissements d\u00e9passent la r\u00e9alit\u00e9.","breadcrumb":{"@id":"https:\/\/expleo.com\/global\/fr\/perspectives\/actualite\/bulle-ia-confiance-stable\/#breadcrumb"},"inLanguage":"fr-FR","potentialAction":[{"@type":"ReadAction","target":["https:\/\/expleo.com\/global\/fr\/perspectives\/actualite\/bulle-ia-confiance-stable\/"]}]},{"@type":"ImageObject","inLanguage":"fr-FR","@id":"https:\/\/expleo.com\/global\/fr\/perspectives\/actualite\/bulle-ia-confiance-stable\/#primaryimage","url":"https:\/\/expleo.com\/global\/fr\/wp-content\/uploads\/2025\/10\/ai-pulse_bubble_2025-09_france_featured.jpg","contentUrl":"https:\/\/expleo.com\/global\/fr\/wp-content\/uploads\/2025\/10\/ai-pulse_bubble_2025-09_france_featured.jpg","width":1280,"height":720,"caption":"A bar chart on a purple background with a brain illustration shows responses to \"Sommes-nous dans une 'bulle IA' ?\" 51% say yes, 38% say no, and 11% are unsure. Wavy colored lines appear behind the brain."},{"@type":"BreadcrumbList","@id":"https:\/\/expleo.com\/global\/fr\/perspectives\/actualite\/bulle-ia-confiance-stable\/#breadcrumb","itemListElement":[{"@type":"ListItem","position":1,"name":"Home","item":"https:\/\/expleo.com\/global\/fr\/"},{"@type":"ListItem","position":2,"name":"Perspectives","item":"https:\/\/expleo.com\/global\/fr\/perspectives\/"},{"@type":"ListItem","position":3,"name":"Les dirigeants fran\u00e7ais alertent sur une bulle IA malgr\u00e9 une confiance stable dans les b\u00e9n\u00e9fices de l\u2019IA"}]},{"@type":"WebSite","@id":"https:\/\/expleo.com\/global\/fr\/#website","url":"https:\/\/expleo.com\/global\/fr\/","name":"Expleo | FR","description":"Expleo","publisher":{"@id":"https:\/\/expleo.com\/global\/fr\/#organization"},"potentialAction":[{"@type":"SearchAction","target":{"@type":"EntryPoint","urlTemplate":"https:\/\/expleo.com\/global\/fr\/?s={search_term_string}"},"query-input":{"@type":"PropertyValueSpecification","valueRequired":true,"valueName":"search_term_string"}}],"inLanguage":"fr-FR"},{"@type":"Organization","@id":"https:\/\/expleo.com\/global\/fr\/#organization","name":"Expleo | FR","url":"https:\/\/expleo.com\/global\/fr\/","logo":{"@type":"ImageObject","inLanguage":"fr-FR","@id":"https:\/\/expleo.com\/global\/fr\/#\/schema\/logo\/image\/","url":"https:\/\/expleo.com\/global\/fr\/wp-content\/uploads\/2019\/02\/expleo-logo-and-tagline.png","contentUrl":"https:\/\/expleo.com\/global\/fr\/wp-content\/uploads\/2019\/02\/expleo-logo-and-tagline.png","width":1600,"height":774,"caption":"Expleo | FR"},"image":{"@id":"https:\/\/expleo.com\/global\/fr\/#\/schema\/logo\/image\/"}}]}},"hreflang":{"rendered":"<link rel=\"alternate\" href=\"https:\/\/expleo.com\/global\/en\/perspectives\/news\/ai-bubble-sentiment-tracker\/\" hreflang=\"x-default\"\/>\n<link rel=\"alternate\" href=\"https:\/\/expleo.com\/global\/en\/perspectives\/news\/ai-bubble-sentiment-tracker\/\" hreflang=\"en\"\/>\n<link rel=\"alternate\" href=\"https:\/\/expleo.com\/global\/fr\/perspectives\/actualite\/bulle-ia-confiance-stable\/\" hreflang=\"fr\"\/>\n<link rel=\"alternate\" href=\"https:\/\/expleo.com\/global\/de\/perspectives\/neuigkeiten\/ki-am-arbeitsplatz\/\" hreflang=\"de\"\/>\n","structure":[{"blogId":4,"blogIsHidden":false,"postId":111020,"url":"https:\/\/expleo.com\/global\/en\/perspectives\/news\/ai-bubble-sentiment-tracker\/","language":"en","default":true},{"blogId":5,"blogIsHidden":false,"postId":49531,"url":"https:\/\/expleo.com\/global\/fr\/perspectives\/actualite\/bulle-ia-confiance-stable\/","language":"fr","default":false},{"blogId":6,"blogIsHidden":false,"postId":42454,"url":"https:\/\/expleo.com\/global\/de\/perspectives\/neuigkeiten\/ki-am-arbeitsplatz\/","language":"de","default":false}]},"_links":{"self":[{"href":"https:\/\/expleo.com\/global\/fr\/wp-json\/wp\/v2\/insights\/49531","targetHints":{"allow":["GET"]}}],"collection":[{"href":"https:\/\/expleo.com\/global\/fr\/wp-json\/wp\/v2\/insights"}],"about":[{"href":"https:\/\/expleo.com\/global\/fr\/wp-json\/wp\/v2\/types\/insights"}],"author":[{"embeddable":true,"href":"https:\/\/expleo.com\/global\/fr\/wp-json\/wp\/v2\/users\/81"}],"version-history":[{"count":9,"href":"https:\/\/expleo.com\/global\/fr\/wp-json\/wp\/v2\/insights\/49531\/revisions"}],"predecessor-version":[{"id":52936,"href":"https:\/\/expleo.com\/global\/fr\/wp-json\/wp\/v2\/insights\/49531\/revisions\/52936"}],"wp:featuredmedia":[{"embeddable":true,"href":"https:\/\/expleo.com\/global\/fr\/wp-json\/wp\/v2\/media\/49643"}],"wp:attachment":[{"href":"https:\/\/expleo.com\/global\/fr\/wp-json\/wp\/v2\/media?parent=49531"}],"wp:term":[{"taxonomy":"topic","embeddable":true,"href":"https:\/\/expleo.com\/global\/fr\/wp-json\/wp\/v2\/topic?post=49531"},{"taxonomy":"insights-single-templates","embeddable":true,"href":"https:\/\/expleo.com\/global\/fr\/wp-json\/wp\/v2\/insights-single-templates?post=49531"},{"taxonomy":"industry-taxonomy","embeddable":true,"href":"https:\/\/expleo.com\/global\/fr\/wp-json\/wp\/v2\/industry-taxonomy?post=49531"},{"taxonomy":"content-type","embeddable":true,"href":"https:\/\/expleo.com\/global\/fr\/wp-json\/wp\/v2\/content-type?post=49531"},{"taxonomy":"country","embeddable":true,"href":"https:\/\/expleo.com\/global\/fr\/wp-json\/wp\/v2\/country?post=49531"},{"taxonomy":"service","embeddable":true,"href":"https:\/\/expleo.com\/global\/fr\/wp-json\/wp\/v2\/service?post=49531"}],"curies":[{"name":"wp","href":"https:\/\/api.w.org\/{rel}","templated":true}]}}