{"id":50715,"date":"2025-12-16T08:25:33","date_gmt":"2025-12-16T08:25:33","guid":{"rendered":"https:\/\/expleo.com\/global\/en\/?post_type=insights&#038;p=113208"},"modified":"2026-03-30T09:41:39","modified_gmt":"2026-03-30T09:41:39","slug":"impact-environnemental-ia-dirigeants-francais","status":"publish","type":"insights","link":"https:\/\/expleo.com\/global\/fr\/perspectives\/actualite\/impact-environnemental-ia-dirigeants-francais\/","title":{"rendered":"Barom\u00e8tre Expleo IA Pulse : l\u2019impact environnemental de l\u2019IA pr\u00e9occupe encore peu les dirigeants fran\u00e7ais"},"content":{"rendered":"\t\t<div data-elementor-type=\"wp-post\" data-elementor-id=\"50715\" class=\"elementor elementor-50715\" data-elementor-post-type=\"insights\">\n\t\t\t\t\t\t<section class=\"elementor-section elementor-top-section elementor-element elementor-element-7fe9c3d5 gg-article-content gg-standard-article-template gg-simple-text gg-container-tiny elementor-section-boxed elementor-section-height-default elementor-section-height-default\" data-id=\"7fe9c3d5\" data-element_type=\"section\" data-e-type=\"section\">\n\t\t\t\t\t\t<div class=\"elementor-container elementor-column-gap-default\">\n\t\t\t\t\t<div class=\"elementor-column elementor-col-100 elementor-top-column elementor-element elementor-element-17daaf29\" data-id=\"17daaf29\" data-element_type=\"column\" data-e-type=\"column\">\n\t\t\t<div class=\"elementor-widget-wrap elementor-element-populated\">\n\t\t\t\t\t\t<div class=\"elementor-element elementor-element-b121e79 elementor-widget elementor-widget-text-editor\" data-id=\"b121e79\" data-element_type=\"widget\" data-e-type=\"widget\" data-widget_type=\"text-editor.default\">\n\t\t\t\t<div class=\"elementor-widget-container\">\n\t\t\t\t\t\t\t\t\t<p><em>Le barom\u00e8tre \u00ab Expleo AI Pulse \u00bb r\u00e9v\u00e8le un indice de confiance record des dirigeants fran\u00e7ais envers l\u2019IA, \u00e0 64. Si la technologie est d\u00e9sormais int\u00e9gr\u00e9e et ma\u00eetris\u00e9e dans les organisations, lorsqu\u2019il s\u2019agit de l\u2019impact environnemental, une majorit\u00e9 de dirigeants reste encore relativement peu pr\u00e9occup\u00e9e, alors m\u00eame que les besoins \u00e9nerg\u00e9tiques de l\u2019IA explosent et que la pression r\u00e9glementaire et soci\u00e9tale s\u2019intensifie.<\/em><\/p>\t\t\t\t\t\t\t\t<\/div>\n\t\t\t\t<\/div>\n\t\t\t\t<div class=\"elementor-element elementor-element-4c4f0f8f elementor-widget elementor-widget-text-editor\" data-id=\"4c4f0f8f\" data-element_type=\"widget\" data-e-type=\"widget\" data-widget_type=\"text-editor.default\">\n\t\t\t\t<div class=\"elementor-widget-container\">\n\t\t\t\t\t\t\t\t\t<p><strong>Paris, 16 d\u00e9cembre 2025 &#8211; <\/strong>Pour sa 4\u1d49 \u00e9dition, le barom\u00e8tre \u00ab\u00a0Expleo IA Pulse\u00a0\u00bb r\u00e9v\u00e8le une confiance croissante des dirigeants dans l\u2019IA. Les entreprises fran\u00e7aises consid\u00e8rent ces technologies comme strat\u00e9giques et ma\u00eetris\u00e9es, mais d\u00e8s que la question se tourne vers la durabilit\u00e9 et l\u2019empreinte \u00e9cologique, le constat est frappant : la majorit\u00e9 des dirigeants reste peu concern\u00e9e.<\/p>\t\t\t\t\t\t\t\t<\/div>\n\t\t\t\t<\/div>\n\t\t\t\t<div class=\"elementor-element elementor-element-4f20099 elementor-widget elementor-widget-image\" data-id=\"4f20099\" data-element_type=\"widget\" data-e-type=\"widget\" data-widget_type=\"image.default\">\n\t\t\t\t<div class=\"elementor-widget-container\">\n\t\t\t\t\t\t\t\t\t\t\t\t\t\t\t<img fetchpriority=\"high\" decoding=\"async\" width=\"800\" height=\"450\" src=\"https:\/\/expleo.com\/global\/fr\/wp-content\/uploads\/2025\/12\/ai-pulse_gaugeface_2025-11_fr_inpage-1024x576.jpg\" class=\"attachment-large size-large wp-image-50721\" alt=\"A graphic shows a brain-shaped gauge with a needle pointing to 64 on a scale from \u201cinquiet\u201d (worried) to \u201cconfiant\u201d (confident). A man in glasses and a suit stands on the right; \u201cAI Pulse\u201d is in the top left corner.\" srcset=\"https:\/\/expleo.com\/global\/fr\/wp-content\/uploads\/2025\/12\/ai-pulse_gaugeface_2025-11_fr_inpage-1024x576.jpg 1024w, https:\/\/expleo.com\/global\/fr\/wp-content\/uploads\/2025\/12\/ai-pulse_gaugeface_2025-11_fr_inpage-300x169.jpg 300w, https:\/\/expleo.com\/global\/fr\/wp-content\/uploads\/2025\/12\/ai-pulse_gaugeface_2025-11_fr_inpage-768x432.jpg 768w, https:\/\/expleo.com\/global\/fr\/wp-content\/uploads\/2025\/12\/ai-pulse_gaugeface_2025-11_fr_inpage.jpg 1280w\" sizes=\"(max-width: 800px) 100vw, 800px\" \/>\t\t\t\t\t\t\t\t\t\t\t\t\t\t\t<\/div>\n\t\t\t\t<\/div>\n\t\t\t\t<div class=\"elementor-element elementor-element-a1ab29a elementor-widget elementor-widget-heading\" data-id=\"a1ab29a\" data-element_type=\"widget\" data-e-type=\"widget\" data-widget_type=\"heading.default\">\n\t\t\t\t<div class=\"elementor-widget-container\">\n\t\t\t\t\t<h2 class=\"elementor-heading-title elementor-size-default\">Une confiance record dans l\u2019IA, mais peu de vigilance environnementale<\/h2>\t\t\t\t<\/div>\n\t\t\t\t<\/div>\n\t\t\t\t<div class=\"elementor-element elementor-element-9a1f0d9 elementor-widget elementor-widget-text-editor\" data-id=\"9a1f0d9\" data-element_type=\"widget\" data-e-type=\"widget\" data-widget_type=\"text-editor.default\">\n\t\t\t\t<div class=\"elementor-widget-container\">\n\t\t\t\t\t\t\t\t\t<p>Si l\u2019enthousiasme initial pr\u00e9domine, avec pr\u00e8s de <span class=\"gg-bold-text\">sept dirigeants sur dix qui se disent encore enthousiastes<\/span> quant aux opportunit\u00e9s offertes par l\u2019IA, celui-ci devient d\u00e9sormais plus mesur\u00e9. L\u2019euphorie des d\u00e9buts laisse place \u00e0 une forme de normalisation\u00a0: l\u2019IA est per\u00e7ue comme un outil strat\u00e9gique, mais ses impacts ne sont plus id\u00e9alis\u00e9sullamcorper mattis, pulvinar dapibus leo.<\/p>\t\t\t\t\t\t\t\t<\/div>\n\t\t\t\t<\/div>\n\t\t\t\t<div class=\"elementor-element elementor-element-5c2fa90 elementor-widget elementor-widget-image\" data-id=\"5c2fa90\" data-element_type=\"widget\" data-e-type=\"widget\" data-widget_type=\"image.default\">\n\t\t\t\t<div class=\"elementor-widget-container\">\n\t\t\t\t\t\t\t\t\t\t\t\t\t\t\t<img decoding=\"async\" width=\"800\" height=\"450\" src=\"https:\/\/expleo.com\/global\/fr\/wp-content\/uploads\/2025\/09\/ai-pulse_environment_2025-11_fr_featured-1024x576.jpg\" class=\"attachment-large size-large wp-image-50757\" alt=\"French text surveys concern about environmental impact of AI tech use\/creation in companies; 55% are not concerned (green footprint), 43% are concerned (purple footprint); colorful wave lines in background.\" srcset=\"https:\/\/expleo.com\/global\/fr\/wp-content\/uploads\/2025\/09\/ai-pulse_environment_2025-11_fr_featured-1024x576.jpg 1024w, https:\/\/expleo.com\/global\/fr\/wp-content\/uploads\/2025\/09\/ai-pulse_environment_2025-11_fr_featured-300x169.jpg 300w, https:\/\/expleo.com\/global\/fr\/wp-content\/uploads\/2025\/09\/ai-pulse_environment_2025-11_fr_featured-768x432.jpg 768w, https:\/\/expleo.com\/global\/fr\/wp-content\/uploads\/2025\/09\/ai-pulse_environment_2025-11_fr_featured.jpg 1280w\" sizes=\"(max-width: 800px) 100vw, 800px\" \/>\t\t\t\t\t\t\t\t\t\t\t\t\t\t\t<\/div>\n\t\t\t\t<\/div>\n\t\t\t\t<div class=\"elementor-element elementor-element-dbb6b43 elementor-widget elementor-widget-text-editor\" data-id=\"dbb6b43\" data-element_type=\"widget\" data-e-type=\"widget\" data-widget_type=\"text-editor.default\">\n\t\t\t\t<div class=\"elementor-widget-container\">\n\t\t\t\t\t\t\t\t\t<p>\u00ab<em> Nous assistons \u00e0 une sortie progressive de l\u2019euphorie. L\u2019IA reste strat\u00e9gique, mais elle n\u2019est plus per\u00e7ue comme un levier miraculeux. Sa valeur d\u00e9pend enti\u00e8rement de l\u2019usage que l\u2019on en fait, et d\u00e9sormais aussi de la mani\u00e8re dont on en mesure l\u2019impact environnemental<\/em> \u00bb, souligne <span class=\"gg-bold-text\">Damien Lasou, Directeur G\u00e9n\u00e9ral France d\u2019Expleo<\/span>.<\/p>\t\t\t\t\t\t\t\t<\/div>\n\t\t\t\t<\/div>\n\t\t\t\t<div class=\"elementor-element elementor-element-dd9a9ae elementor-widget elementor-widget-heading\" data-id=\"dd9a9ae\" data-element_type=\"widget\" data-e-type=\"widget\" data-widget_type=\"heading.default\">\n\t\t\t\t<div class=\"elementor-widget-container\">\n\t\t\t\t\t<h2 class=\"elementor-heading-title elementor-size-default\">Une confiance record dans l\u2019IA et dans les organisations<\/h2>\t\t\t\t<\/div>\n\t\t\t\t<\/div>\n\t\t\t\t<div class=\"elementor-element elementor-element-49c850b elementor-widget elementor-widget-text-editor\" data-id=\"49c850b\" data-element_type=\"widget\" data-e-type=\"widget\" data-widget_type=\"text-editor.default\">\n\t\t\t\t<div class=\"elementor-widget-container\">\n\t\t\t\t\t\t\t\t\t<p>Avec un indice de confiance \u00e0 64, les dirigeants fran\u00e7ais affichent toujours un <span class=\"gg-bold-text\">tr\u00e8s haut niveau de s\u00e9r\u00e9nit\u00e9 observ\u00e9 depuis le lancement du barom\u00e8tre.<\/span> Ils se d\u00e9clarent largement convaincus par les opportunit\u00e9s offertes par l\u2019IA et confiants dans la capacit\u00e9 de leur organisation \u00e0 la d\u00e9ployer avec succ\u00e8s et de mani\u00e8re responsable.\u00a0<\/p>\n<p>\u00ab <em>L\u2019IA n\u2019est plus une promesse abstraite ou un terrain d\u2019exp\u00e9rimentation. Elle est aujourd\u2019hui int\u00e9gr\u00e9e aux strat\u00e9gies d\u2019entreprise, avec un niveau de confiance in\u00e9dit<\/em> \u00bb, analyse <span class=\"gg-bold-text\">Damien Lasou, Directeur G\u00e9n\u00e9ral France d\u2019Expleo.<\/span><\/p>\n<p>Cette confiance s\u2019accompagne d\u2019un recul marqu\u00e9 des craintes li\u00e9es \u00e0 la transformation organisationnelle. <span class=\"gg-bold-text\">Pr\u00e8s d\u2019un dirigeant sur deux ne se dit pas inquiet de la fa\u00e7on dont l\u2019IA transforme leur entreprise<\/span>, tandis que la part de ceux exprimant une inqui\u00e9tude forte est tomb\u00e9e \u00e0 9 %, en baisse continue depuis quatre mois. L\u2019IA fait d\u00e9sormais partie du paysage, sans provoquer la rupture redout\u00e9e lors des premi\u00e8res phases d\u2019adoption.<\/p>\n<p>Toutefois, cette maturit\u00e9 se traduit par un <span class=\"gg-bold-text\">recul des pr\u00e9occupations historiques <\/span>comme les risques cyber, mais l\u2019<span class=\"gg-bold-text\">impact environnemental reste encore largement minoritaire<\/span> dans les priorit\u00e9s des dirigeants. Seul 43 % se d\u00e9clarent concern\u00e9s par la consommation \u00e9nerg\u00e9tique et l\u2019empreinte carbone g\u00e9n\u00e9r\u00e9es par les technologies d\u2019IA. Pourtant, la r\u00e9alit\u00e9 est sans appel : entre la consommation \u00e9lectrique des data centers, l\u2019effet rebond li\u00e9 \u00e0 l\u2019augmentation des usages et la construction des infrastructures, l\u2019IA contribue de mani\u00e8re croissante aux \u00e9missions mondiales de CO\u2082 et \u00e0 la pression sur les ressources \u00e9nerg\u00e9tiques.<\/p>\t\t\t\t\t\t\t\t<\/div>\n\t\t\t\t<\/div>\n\t\t\t\t<div class=\"elementor-element elementor-element-ad21bd1 elementor-widget elementor-widget-heading\" data-id=\"ad21bd1\" data-element_type=\"widget\" data-e-type=\"widget\" data-widget_type=\"heading.default\">\n\t\t\t\t<div class=\"elementor-widget-container\">\n\t\t\t\t\t<h2 class=\"elementor-heading-title elementor-size-default\">Le vrai point de tension : responsabilit\u00e9 et leadership \u00e9cologique<\/h2>\t\t\t\t<\/div>\n\t\t\t\t<\/div>\n\t\t\t\t<div class=\"elementor-element elementor-element-bee78b5 elementor-widget elementor-widget-text-editor\" data-id=\"bee78b5\" data-element_type=\"widget\" data-e-type=\"widget\" data-widget_type=\"text-editor.default\">\n\t\t\t\t<div class=\"elementor-widget-container\">\n\t\t\t\t\t\t\t\t\t<p>Alors que les entreprises se structurent pour d\u00e9ployer l\u2019IA efficacement, la principale inqui\u00e9tude des dirigeants concerne moins la technologie elle-m\u00eame que leur r\u00f4le et leur responsabilit\u00e9 dans un futur o\u00f9 la durabilit\u00e9 devient centrale. Pr\u00e8s de <span class=\"gg-bold-text\">deux tiers se disent pr\u00e9occup\u00e9s par l\u2019\u00e9volution de leur r\u00f4le<\/span>, d\u00e9sormais confront\u00e9 \u00e0 la double exigence de performance \u00e9conomique et d\u2019impact environnemental ma\u00eetris\u00e9.<\/p>\n<p>\u00c0 mesure que l\u2019IA prend en charge des fonctions analytiques, d\u00e9cisionnelles ou op\u00e9rationnelles, la question \u00e9cologique devient un marqueur strat\u00e9gique du leadership : comment concilier croissance, comp\u00e9titivit\u00e9 et sobri\u00e9t\u00e9 \u00e9nerg\u00e9tique\u00a0?<\/p>\n<p>\u00ab <em>Le paradoxe est clair : les dirigeants ont confiance dans la capacit\u00e9 de leur organisation \u00e0 int\u00e9grer l\u2019IA, mais la conscience \u00e9cologique, elle, peine \u00e0 suivre. La question n\u2019est plus seulement de savoir si l\u2019IA transforme l\u2019entreprise, mais <span class=\"gg-bold-text\">comment le dirigeant peut guider cette transformation de mani\u00e8re durable<\/span><\/em> \u00bb, analyse Damien Lasou.<\/p>\n<p>Ces r\u00e9sultats dessinent un nouveau visage de la relation entre dirigeants, IA et environnement. Loin des peurs technologiques ou des promesses irr\u00e9alistes, l\u2019IA s\u2019impose comme une r\u00e9alit\u00e9 durable et ma\u00eetris\u00e9e sur le plan op\u00e9rationnel. Mais si l\u2019entreprise semble pr\u00eate, le leadership \u00e9cologique reste un enjeu strat\u00e9gique encore largement sous-estim\u00e9, o\u00f9 la red\u00e9finition des priorit\u00e9s devient cruciale.<\/p>\t\t\t\t\t\t\t\t<\/div>\n\t\t\t\t<\/div>\n\t\t\t\t<div class=\"elementor-element elementor-element-343fdff elementor-widget elementor-widget-heading\" data-id=\"343fdff\" data-element_type=\"widget\" data-e-type=\"widget\" data-widget_type=\"heading.default\">\n\t\t\t\t<div class=\"elementor-widget-container\">\n\t\t\t\t\t<h2 class=\"elementor-heading-title elementor-size-default\">M\u00e9thodologie de l\u2019\u00e9tude<\/h2>\t\t\t\t<\/div>\n\t\t\t\t<\/div>\n\t\t\t\t<div class=\"elementor-element elementor-element-d1e3616 elementor-widget elementor-widget-text-editor\" data-id=\"d1e3616\" data-element_type=\"widget\" data-e-type=\"widget\" data-widget_type=\"text-editor.default\">\n\t\t\t\t<div class=\"elementor-widget-container\">\n\t\t\t\t\t\t\t\t\t<p>L\u2019indice de confiance \u00ab Expleo AI Pulse \u00bb mesure le sentiment des dirigeants autour de l\u2019utilisation de l\u2019IA, sur une \u00e9chelle de 0 (tr\u00e8s inquiet) \u00e0 100 (tr\u00e8s confiant). Cet indice de confiance r\u00e9v\u00e8le les niveaux d\u2019inqui\u00e9tude, d\u2019enthousiasme, de confiance et d\u2019assurance \u00e0 l\u2019\u00e9gard de la technologie pilot\u00e9e par l\u2019IA.<\/p>\n<p>L\u2019indice de confiance de l\u2019intelligence artificielle \u00ab\u00a0Expleo AI Pulse\u00a0\u00bb est men\u00e9 pour le compte d\u2019Expleo par l\u2019institut <a href=\"https:\/\/www.opinium.com\" target=\"_blank\" rel=\"noopener\">Opinium<\/a>. L\u2019\u00e9tude, r\u00e9alis\u00e9e chaque mois depuis ao\u00fbt 2025, recueille les opinions de 600 dirigeants d\u2019entreprises en France, au Royaume-Uni et en Allemagne.<\/p>\t\t\t\t\t\t\t\t<\/div>\n\t\t\t\t<\/div>\n\t\t\t\t<div class=\"elementor-element elementor-element-b055a3e gg-button-v8 elementor-widget elementor-widget-button\" data-id=\"b055a3e\" data-element_type=\"widget\" data-e-type=\"widget\" data-widget_type=\"button.default\">\n\t\t\t\t<div class=\"elementor-widget-container\">\n\t\t\t\t\t\t\t\t\t<div class=\"elementor-button-wrapper\">\n\t\t\t\t\t<a class=\"elementor-button elementor-button-link elementor-size-sm\" href=\"https:\/\/expleo.com\/global\/fr\/perspectives\/campagne\/the-expleo-ai-pulse\/\">\n\t\t\t\t\t\t<span class=\"elementor-button-content-wrapper\">\n\t\t\t\t\t\t\t\t\t<span class=\"elementor-button-text\">En savoir plus sur Expleo AI Pulse<\/span>\n\t\t\t\t\t<\/span>\n\t\t\t\t\t<\/a>\n\t\t\t\t<\/div>\n\t\t\t\t\t\t\t\t<\/div>\n\t\t\t\t<\/div>\n\t\t\t\t\t<\/div>\n\t\t<\/div>\n\t\t\t\t\t<\/div>\n\t\t<\/section>\n\t\t\t\t<\/div>\n\t\t","protected":false},"excerpt":{"rendered":"<p>Expleo AI Pulse : Expleo analyse les \u00e9volutions de son indice mensuel de confiance de l\u2019IA des dirigeants d\u2019entreprises.<\/p>\n","protected":false},"author":81,"featured_media":50757,"parent":0,"template":"","meta":{"_oasis_is_in_workflow":0,"_oasis_original":0,"_oasis_task_priority":"2normal","footnotes":""},"topic":[137,124,184,120,126],"insights-single-templates":[],"industry-taxonomy":[373],"content-type":[20],"country":[91],"service":[188],"class_list":["post-50715","insights","type-insights","status-publish","has-post-thumbnail","hentry","topic-artificial-intelligence-and-robotics","topic-quality-assurance-and-software-development","topic-data-science-and-cybersecurity","topic-sustainability-and-environment","topic-industry-4-0","industry-taxonomy-all","content-type-actualite","country-france","service-transformation-digitale"],"yoast_head":"<!-- This site is optimized with the Yoast SEO Premium plugin v27.0 (Yoast SEO v27.5) - https:\/\/yoast.com\/product\/yoast-seo-premium-wordpress\/ -->\n<title>Expleo | L&#039;impact environnemental de l\u2019IA<\/title>\n<meta name=\"description\" content=\"Le barom\u00e8tre \u00ab Expleo AI Pulse \u00bb r\u00e9v\u00e8le un indice de confiance record des dirigeants fran\u00e7ais envers l\u2019IA, \u00e0 64. A d\u00e9couvrir\" \/>\n<meta name=\"robots\" content=\"index, follow, max-snippet:-1, max-image-preview:large, max-video-preview:-1\" \/>\n<link rel=\"canonical\" href=\"https:\/\/expleo.com\/global\/fr\/perspectives\/actualite\/impact-environnemental-ia-dirigeants-francais\/\" \/>\n<meta property=\"og:locale\" content=\"fr_FR\" \/>\n<meta property=\"og:type\" content=\"article\" \/>\n<meta property=\"og:title\" content=\"Barom\u00e8tre Expleo IA Pulse : l\u2019impact environnemental de l\u2019IA pr\u00e9occupe encore peu les dirigeants fran\u00e7ais\" \/>\n<meta property=\"og:description\" content=\"Le barom\u00e8tre \u00ab Expleo AI Pulse \u00bb r\u00e9v\u00e8le un indice de confiance record des dirigeants fran\u00e7ais envers l\u2019IA, \u00e0 64. A d\u00e9couvrir\" \/>\n<meta property=\"og:url\" content=\"https:\/\/expleo.com\/global\/fr\/perspectives\/actualite\/impact-environnemental-ia-dirigeants-francais\/\" \/>\n<meta property=\"og:site_name\" content=\"Global FR\" \/>\n<meta property=\"article:modified_time\" content=\"2026-03-30T09:41:39+00:00\" \/>\n<meta property=\"og:image\" content=\"https:\/\/expleo.com\/global\/fr\/wp-content\/uploads\/2025\/09\/ai-pulse_environment_2025-11_fr_featured.jpg\" \/>\n\t<meta property=\"og:image:width\" content=\"1280\" \/>\n\t<meta property=\"og:image:height\" content=\"720\" \/>\n\t<meta property=\"og:image:type\" content=\"image\/jpeg\" \/>\n<meta name=\"twitter:card\" content=\"summary_large_image\" \/>\n<meta name=\"twitter:label1\" content=\"Est. reading time\" \/>\n\t<meta name=\"twitter:data1\" content=\"5 minutes\" \/>\n<script type=\"application\/ld+json\" class=\"yoast-schema-graph\">{\"@context\":\"https:\\\/\\\/schema.org\",\"@graph\":[{\"@type\":\"WebPage\",\"@id\":\"https:\\\/\\\/expleo.com\\\/global\\\/fr\\\/perspectives\\\/actualite\\\/impact-environnemental-ia-dirigeants-francais\\\/\",\"url\":\"https:\\\/\\\/expleo.com\\\/global\\\/fr\\\/perspectives\\\/actualite\\\/impact-environnemental-ia-dirigeants-francais\\\/\",\"name\":\"Expleo | L'impact environnemental de l\u2019IA\",\"isPartOf\":{\"@id\":\"https:\\\/\\\/expleo.com\\\/global\\\/fr\\\/#website\"},\"primaryImageOfPage\":{\"@id\":\"https:\\\/\\\/expleo.com\\\/global\\\/fr\\\/perspectives\\\/actualite\\\/impact-environnemental-ia-dirigeants-francais\\\/#primaryimage\"},\"image\":{\"@id\":\"https:\\\/\\\/expleo.com\\\/global\\\/fr\\\/perspectives\\\/actualite\\\/impact-environnemental-ia-dirigeants-francais\\\/#primaryimage\"},\"thumbnailUrl\":\"https:\\\/\\\/expleo.com\\\/global\\\/fr\\\/wp-content\\\/uploads\\\/2025\\\/09\\\/ai-pulse_environment_2025-11_fr_featured.jpg\",\"datePublished\":\"2025-12-16T08:25:33+00:00\",\"dateModified\":\"2026-03-30T09:41:39+00:00\",\"description\":\"Le barom\u00e8tre \u00ab Expleo AI Pulse \u00bb r\u00e9v\u00e8le un indice de confiance record des dirigeants fran\u00e7ais envers l\u2019IA, \u00e0 64. A d\u00e9couvrir\",\"breadcrumb\":{\"@id\":\"https:\\\/\\\/expleo.com\\\/global\\\/fr\\\/perspectives\\\/actualite\\\/impact-environnemental-ia-dirigeants-francais\\\/#breadcrumb\"},\"inLanguage\":\"fr-FR\",\"potentialAction\":[{\"@type\":\"ReadAction\",\"target\":[\"https:\\\/\\\/expleo.com\\\/global\\\/fr\\\/perspectives\\\/actualite\\\/impact-environnemental-ia-dirigeants-francais\\\/\"]}]},{\"@type\":\"ImageObject\",\"inLanguage\":\"fr-FR\",\"@id\":\"https:\\\/\\\/expleo.com\\\/global\\\/fr\\\/perspectives\\\/actualite\\\/impact-environnemental-ia-dirigeants-francais\\\/#primaryimage\",\"url\":\"https:\\\/\\\/expleo.com\\\/global\\\/fr\\\/wp-content\\\/uploads\\\/2025\\\/09\\\/ai-pulse_environment_2025-11_fr_featured.jpg\",\"contentUrl\":\"https:\\\/\\\/expleo.com\\\/global\\\/fr\\\/wp-content\\\/uploads\\\/2025\\\/09\\\/ai-pulse_environment_2025-11_fr_featured.jpg\",\"width\":1280,\"height\":720,\"caption\":\"French text surveys concern about environmental impact of AI tech use\\\/creation in companies; 55% are not concerned (green footprint), 43% are concerned (purple footprint); colorful wave lines in background.\"},{\"@type\":\"BreadcrumbList\",\"@id\":\"https:\\\/\\\/expleo.com\\\/global\\\/fr\\\/perspectives\\\/actualite\\\/impact-environnemental-ia-dirigeants-francais\\\/#breadcrumb\",\"itemListElement\":[{\"@type\":\"ListItem\",\"position\":1,\"name\":\"Home\",\"item\":\"https:\\\/\\\/expleo.com\\\/global\\\/fr\\\/\"},{\"@type\":\"ListItem\",\"position\":2,\"name\":\"Perspectives\",\"item\":\"https:\\\/\\\/expleo.com\\\/global\\\/fr\\\/perspectives\\\/\"},{\"@type\":\"ListItem\",\"position\":3,\"name\":\"Barom\u00e8tre Expleo IA Pulse : l\u2019impact environnemental de l\u2019IA pr\u00e9occupe encore peu les dirigeants fran\u00e7ais\"}]},{\"@type\":\"WebSite\",\"@id\":\"https:\\\/\\\/expleo.com\\\/global\\\/fr\\\/#website\",\"url\":\"https:\\\/\\\/expleo.com\\\/global\\\/fr\\\/\",\"name\":\"Expleo | FR\",\"description\":\"Expleo\",\"publisher\":{\"@id\":\"https:\\\/\\\/expleo.com\\\/global\\\/fr\\\/#organization\"},\"potentialAction\":[{\"@type\":\"SearchAction\",\"target\":{\"@type\":\"EntryPoint\",\"urlTemplate\":\"https:\\\/\\\/expleo.com\\\/global\\\/fr\\\/?s={search_term_string}\"},\"query-input\":{\"@type\":\"PropertyValueSpecification\",\"valueRequired\":true,\"valueName\":\"search_term_string\"}}],\"inLanguage\":\"fr-FR\"},{\"@type\":\"Organization\",\"@id\":\"https:\\\/\\\/expleo.com\\\/global\\\/fr\\\/#organization\",\"name\":\"Expleo | FR\",\"url\":\"https:\\\/\\\/expleo.com\\\/global\\\/fr\\\/\",\"logo\":{\"@type\":\"ImageObject\",\"inLanguage\":\"fr-FR\",\"@id\":\"https:\\\/\\\/expleo.com\\\/global\\\/fr\\\/#\\\/schema\\\/logo\\\/image\\\/\",\"url\":\"https:\\\/\\\/expleo.com\\\/global\\\/fr\\\/wp-content\\\/uploads\\\/2019\\\/02\\\/expleo-logo-and-tagline.png\",\"contentUrl\":\"https:\\\/\\\/expleo.com\\\/global\\\/fr\\\/wp-content\\\/uploads\\\/2019\\\/02\\\/expleo-logo-and-tagline.png\",\"width\":1600,\"height\":774,\"caption\":\"Expleo | FR\"},\"image\":{\"@id\":\"https:\\\/\\\/expleo.com\\\/global\\\/fr\\\/#\\\/schema\\\/logo\\\/image\\\/\"}}]}<\/script>\n<!-- \/ Yoast SEO Premium plugin. -->","yoast_head_json":{"title":"Expleo | L'impact environnemental de l\u2019IA","description":"Le barom\u00e8tre \u00ab Expleo AI Pulse \u00bb r\u00e9v\u00e8le un indice de confiance record des dirigeants fran\u00e7ais envers l\u2019IA, \u00e0 64. A d\u00e9couvrir","robots":{"index":"index","follow":"follow","max-snippet":"max-snippet:-1","max-image-preview":"max-image-preview:large","max-video-preview":"max-video-preview:-1"},"canonical":"https:\/\/expleo.com\/global\/fr\/perspectives\/actualite\/impact-environnemental-ia-dirigeants-francais\/","og_locale":"fr_FR","og_type":"article","og_title":"Barom\u00e8tre Expleo IA Pulse : l\u2019impact environnemental de l\u2019IA pr\u00e9occupe encore peu les dirigeants fran\u00e7ais","og_description":"Le barom\u00e8tre \u00ab Expleo AI Pulse \u00bb r\u00e9v\u00e8le un indice de confiance record des dirigeants fran\u00e7ais envers l\u2019IA, \u00e0 64. A d\u00e9couvrir","og_url":"https:\/\/expleo.com\/global\/fr\/perspectives\/actualite\/impact-environnemental-ia-dirigeants-francais\/","og_site_name":"Global FR","article_modified_time":"2026-03-30T09:41:39+00:00","og_image":[{"width":1280,"height":720,"url":"https:\/\/expleo.com\/global\/fr\/wp-content\/uploads\/2025\/09\/ai-pulse_environment_2025-11_fr_featured.jpg","type":"image\/jpeg"}],"twitter_card":"summary_large_image","twitter_misc":{"Est. reading time":"5 minutes"},"schema":{"@context":"https:\/\/schema.org","@graph":[{"@type":"WebPage","@id":"https:\/\/expleo.com\/global\/fr\/perspectives\/actualite\/impact-environnemental-ia-dirigeants-francais\/","url":"https:\/\/expleo.com\/global\/fr\/perspectives\/actualite\/impact-environnemental-ia-dirigeants-francais\/","name":"Expleo | L'impact environnemental de l\u2019IA","isPartOf":{"@id":"https:\/\/expleo.com\/global\/fr\/#website"},"primaryImageOfPage":{"@id":"https:\/\/expleo.com\/global\/fr\/perspectives\/actualite\/impact-environnemental-ia-dirigeants-francais\/#primaryimage"},"image":{"@id":"https:\/\/expleo.com\/global\/fr\/perspectives\/actualite\/impact-environnemental-ia-dirigeants-francais\/#primaryimage"},"thumbnailUrl":"https:\/\/expleo.com\/global\/fr\/wp-content\/uploads\/2025\/09\/ai-pulse_environment_2025-11_fr_featured.jpg","datePublished":"2025-12-16T08:25:33+00:00","dateModified":"2026-03-30T09:41:39+00:00","description":"Le barom\u00e8tre \u00ab Expleo AI Pulse \u00bb r\u00e9v\u00e8le un indice de confiance record des dirigeants fran\u00e7ais envers l\u2019IA, \u00e0 64. A d\u00e9couvrir","breadcrumb":{"@id":"https:\/\/expleo.com\/global\/fr\/perspectives\/actualite\/impact-environnemental-ia-dirigeants-francais\/#breadcrumb"},"inLanguage":"fr-FR","potentialAction":[{"@type":"ReadAction","target":["https:\/\/expleo.com\/global\/fr\/perspectives\/actualite\/impact-environnemental-ia-dirigeants-francais\/"]}]},{"@type":"ImageObject","inLanguage":"fr-FR","@id":"https:\/\/expleo.com\/global\/fr\/perspectives\/actualite\/impact-environnemental-ia-dirigeants-francais\/#primaryimage","url":"https:\/\/expleo.com\/global\/fr\/wp-content\/uploads\/2025\/09\/ai-pulse_environment_2025-11_fr_featured.jpg","contentUrl":"https:\/\/expleo.com\/global\/fr\/wp-content\/uploads\/2025\/09\/ai-pulse_environment_2025-11_fr_featured.jpg","width":1280,"height":720,"caption":"French text surveys concern about environmental impact of AI tech use\/creation in companies; 55% are not concerned (green footprint), 43% are concerned (purple footprint); colorful wave lines in background."},{"@type":"BreadcrumbList","@id":"https:\/\/expleo.com\/global\/fr\/perspectives\/actualite\/impact-environnemental-ia-dirigeants-francais\/#breadcrumb","itemListElement":[{"@type":"ListItem","position":1,"name":"Home","item":"https:\/\/expleo.com\/global\/fr\/"},{"@type":"ListItem","position":2,"name":"Perspectives","item":"https:\/\/expleo.com\/global\/fr\/perspectives\/"},{"@type":"ListItem","position":3,"name":"Barom\u00e8tre Expleo IA Pulse : l\u2019impact environnemental de l\u2019IA pr\u00e9occupe encore peu les dirigeants fran\u00e7ais"}]},{"@type":"WebSite","@id":"https:\/\/expleo.com\/global\/fr\/#website","url":"https:\/\/expleo.com\/global\/fr\/","name":"Expleo | FR","description":"Expleo","publisher":{"@id":"https:\/\/expleo.com\/global\/fr\/#organization"},"potentialAction":[{"@type":"SearchAction","target":{"@type":"EntryPoint","urlTemplate":"https:\/\/expleo.com\/global\/fr\/?s={search_term_string}"},"query-input":{"@type":"PropertyValueSpecification","valueRequired":true,"valueName":"search_term_string"}}],"inLanguage":"fr-FR"},{"@type":"Organization","@id":"https:\/\/expleo.com\/global\/fr\/#organization","name":"Expleo | FR","url":"https:\/\/expleo.com\/global\/fr\/","logo":{"@type":"ImageObject","inLanguage":"fr-FR","@id":"https:\/\/expleo.com\/global\/fr\/#\/schema\/logo\/image\/","url":"https:\/\/expleo.com\/global\/fr\/wp-content\/uploads\/2019\/02\/expleo-logo-and-tagline.png","contentUrl":"https:\/\/expleo.com\/global\/fr\/wp-content\/uploads\/2019\/02\/expleo-logo-and-tagline.png","width":1600,"height":774,"caption":"Expleo | FR"},"image":{"@id":"https:\/\/expleo.com\/global\/fr\/#\/schema\/logo\/image\/"}}]}},"hreflang":{"rendered":"<link rel=\"alternate\" href=\"https:\/\/expleo.com\/global\/en\/perspectives\/news\/uk-growing-trust-ai-pulse\/\" hreflang=\"x-default\"\/>\n<link rel=\"alternate\" href=\"https:\/\/expleo.com\/global\/en\/perspectives\/news\/uk-growing-trust-ai-pulse\/\" hreflang=\"en\"\/>\n<link rel=\"alternate\" href=\"https:\/\/expleo.com\/global\/fr\/perspectives\/actualite\/impact-environnemental-ia-dirigeants-francais\/\" hreflang=\"fr\"\/>\n<link rel=\"alternate\" href=\"https:\/\/expleo.com\/global\/de\/perspectives\/neuigkeiten\/manager-ignorieren-stromfresser-rechenzentrum\/\" hreflang=\"de\"\/>\n","structure":[{"blogId":4,"blogIsHidden":false,"postId":113208,"url":"https:\/\/expleo.com\/global\/en\/perspectives\/news\/uk-growing-trust-ai-pulse\/","language":"en","default":true},{"blogId":5,"blogIsHidden":false,"postId":50715,"url":"https:\/\/expleo.com\/global\/fr\/perspectives\/actualite\/impact-environnemental-ia-dirigeants-francais\/","language":"fr","default":false},{"blogId":6,"blogIsHidden":false,"postId":43483,"url":"https:\/\/expleo.com\/global\/de\/perspectives\/neuigkeiten\/manager-ignorieren-stromfresser-rechenzentrum\/","language":"de","default":false}]},"_links":{"self":[{"href":"https:\/\/expleo.com\/global\/fr\/wp-json\/wp\/v2\/insights\/50715","targetHints":{"allow":["GET"]}}],"collection":[{"href":"https:\/\/expleo.com\/global\/fr\/wp-json\/wp\/v2\/insights"}],"about":[{"href":"https:\/\/expleo.com\/global\/fr\/wp-json\/wp\/v2\/types\/insights"}],"author":[{"embeddable":true,"href":"https:\/\/expleo.com\/global\/fr\/wp-json\/wp\/v2\/users\/81"}],"version-history":[{"count":10,"href":"https:\/\/expleo.com\/global\/fr\/wp-json\/wp\/v2\/insights\/50715\/revisions"}],"predecessor-version":[{"id":52927,"href":"https:\/\/expleo.com\/global\/fr\/wp-json\/wp\/v2\/insights\/50715\/revisions\/52927"}],"wp:featuredmedia":[{"embeddable":true,"href":"https:\/\/expleo.com\/global\/fr\/wp-json\/wp\/v2\/media\/50757"}],"wp:attachment":[{"href":"https:\/\/expleo.com\/global\/fr\/wp-json\/wp\/v2\/media?parent=50715"}],"wp:term":[{"taxonomy":"topic","embeddable":true,"href":"https:\/\/expleo.com\/global\/fr\/wp-json\/wp\/v2\/topic?post=50715"},{"taxonomy":"insights-single-templates","embeddable":true,"href":"https:\/\/expleo.com\/global\/fr\/wp-json\/wp\/v2\/insights-single-templates?post=50715"},{"taxonomy":"industry-taxonomy","embeddable":true,"href":"https:\/\/expleo.com\/global\/fr\/wp-json\/wp\/v2\/industry-taxonomy?post=50715"},{"taxonomy":"content-type","embeddable":true,"href":"https:\/\/expleo.com\/global\/fr\/wp-json\/wp\/v2\/content-type?post=50715"},{"taxonomy":"country","embeddable":true,"href":"https:\/\/expleo.com\/global\/fr\/wp-json\/wp\/v2\/country?post=50715"},{"taxonomy":"service","embeddable":true,"href":"https:\/\/expleo.com\/global\/fr\/wp-json\/wp\/v2\/service?post=50715"}],"curies":[{"name":"wp","href":"https:\/\/api.w.org\/{rel}","templated":true}]}}