{"id":674,"date":"2018-06-28T03:49:00","date_gmt":"2018-06-28T03:49:00","guid":{"rendered":"https:\/\/expleo.com\/insights\/uncategorized\/jtekt-corporation-in-europe-chooses-expleo-to-create-a-new-rd-services-center-in-france-2-2\/"},"modified":"2025-02-06T10:43:19","modified_gmt":"2025-02-06T10:43:19","slug":"nouveau-membre-fondateur-de-la-fondation-van-allen-expleo-soutient-la-recherche-spatiale-francaise-et-linnovation-dans-le-domaine-des-nanosatellites","status":"publish","type":"insights","link":"https:\/\/expleo.com\/global\/fr\/perspectives\/actualite\/nouveau-membre-fondateur-de-la-fondation-van-allen-expleo-soutient-la-recherche-spatiale-francaise-et-linnovation-dans-le-domaine-des-nanosatellites\/","title":{"rendered":"Nouveau membre fondateur de la Fondation Van Allen, EXPLEO soutient la recherche spatiale fran\u00e7aise et l\u2019innovation dans le domaine des nanosatellites\ufeff"},"content":{"rendered":"\t\t<div data-elementor-type=\"wp-post\" data-elementor-id=\"674\" class=\"elementor elementor-674\" data-elementor-post-type=\"insights\">\n\t\t\t\t\t\t<section class=\"elementor-section elementor-top-section elementor-element elementor-element-4fdf58b gg-article-content  gg-standard-article-template gg-simple-text gg-container-small-ptb-72 elementor-section-boxed elementor-section-height-default elementor-section-height-default\" data-id=\"4fdf58b\" data-element_type=\"section\" data-e-type=\"section\">\n\t\t\t\t\t\t<div class=\"elementor-container elementor-column-gap-no\">\n\t\t\t\t\t<div class=\"elementor-column elementor-col-100 elementor-top-column elementor-element elementor-element-0522d99 gg-tablet-view\" data-id=\"0522d99\" data-element_type=\"column\" data-e-type=\"column\">\n\t\t\t<div class=\"elementor-widget-wrap elementor-element-populated\">\n\t\t\t\t\t\t<div class=\"elementor-element elementor-element-a8d291c gg-fclass-for-iphone8ont-v9 gg-print-pb-5 elementor-widget elementor-widget-text-editor\" data-id=\"a8d291c\" data-element_type=\"widget\" data-e-type=\"widget\" data-widget_type=\"text-editor.default\">\n\t\t\t\t<div class=\"elementor-widget-container\">\n\t\t\t\t\t\t\t\t\t<p><strong>Paris, le 28 juin 2018.\u00a0<\/strong>Expleo devient membre fondateur de la Fondation Van Allen qui accompagne strat\u00e9giquement et financi\u00e8rement le 1er Centre Spatial Universitaire fran\u00e7ais d\u00e9di\u00e9 \u00e0 la recherche sur les nanosatellites (CSU-M, Universit\u00e9 de Montpellier). Un accord de partenariat a \u00e9t\u00e9 sign\u00e9 le 27 juin dans le cadre du Toulouse Space Show 2018. Cet engagement illustre le r\u00f4le moteur d\u2019Expleo au sein de l\u2019\u00e9cosyst\u00e8me europ\u00e9en de recherche en technologies spatiales.<\/p>\t\t\t\t\t\t\t\t<\/div>\n\t\t\t\t<\/div>\n\t\t\t\t<div class=\"elementor-element elementor-element-9e3f966  gg-display-none-print elementor-widget elementor-widget-image\" data-id=\"9e3f966\" data-element_type=\"widget\" data-e-type=\"widget\" data-widget_type=\"image.default\">\n\t\t\t\t<div class=\"elementor-widget-container\">\n\t\t\t\t\t\t\t\t\t\t\t\t\t\t\t<img fetchpriority=\"high\" decoding=\"async\" width=\"768\" height=\"432\" src=\"https:\/\/expleo.com\/global\/fr\/wp-content\/uploads\/2018\/06\/news-nanosatellite-1280x720-1-768x432.jpeg\" class=\"attachment-medium_large size-medium_large wp-image-45096\" alt=\"A small, black satellite with two extended solar panels and visible antenna, set against a black background. Developed by Expleo &amp; Van Allen pour la recherche spatiale fran\u00e7aise, it has a boxy shape with detailed components on its top side.\" srcset=\"https:\/\/expleo.com\/global\/fr\/wp-content\/uploads\/2018\/06\/news-nanosatellite-1280x720-1-768x432.jpeg 768w, https:\/\/expleo.com\/global\/fr\/wp-content\/uploads\/2018\/06\/news-nanosatellite-1280x720-1-300x169.jpeg 300w, https:\/\/expleo.com\/global\/fr\/wp-content\/uploads\/2018\/06\/news-nanosatellite-1280x720-1-1024x576.jpeg 1024w, https:\/\/expleo.com\/global\/fr\/wp-content\/uploads\/2018\/06\/news-nanosatellite-1280x720-1.jpeg 1280w\" sizes=\"(max-width: 768px) 100vw, 768px\" \/>\t\t\t\t\t\t\t\t\t\t\t\t\t\t\t<\/div>\n\t\t\t\t<\/div>\n\t\t\t\t<div class=\"elementor-element elementor-element-cae92ff gg-font-v9 gg-class-for-iphone8    elementor-widget elementor-widget-text-editor\" data-id=\"cae92ff\" data-element_type=\"widget\" data-e-type=\"widget\" data-widget_type=\"text-editor.default\">\n\t\t\t\t<div class=\"elementor-widget-container\">\n\t\t\t\t\t\t\t\t\t<p>Le savoir-faire d\u2019excellence des <a href=\"https:\/\/expleo.com\/global\/fr\/secteurs\/spatial\/\">\u00e9quipes spatiales d\u2019Expleo<\/a> fait du Groupe un partenaire naturel de la Fondation, qui soutient la formation des jeunes ing\u00e9nieurs spatiaux \u00e0 travers le d\u00e9veloppement de nanosatellites (de la conception aux op\u00e9rations de mise en vol). Ce partenariat fait ainsi se rencontrer recherche universitaire et expertise industrielle autour d\u2019une ambition commune : former les futurs innovateurs de l\u2019\u00e9conomie spatiale et faire avancer la recherche nanosatellitaire.<\/p><p>En rejoignant la Fondation Van Allen, Expleo entend participer activement au d\u00e9veloppement des comp\u00e9tences des futures g\u00e9n\u00e9rations d\u2019ing\u00e9nieurs spatiaux et renforcer son expertise nanosatellitaire dans le cadre de la d\u00e9marche d\u2019innovation ouverte poursuivie par le Groupe.<\/p><p>Patrick Anglard, Chief Technology Officer d\u2019Expleo, explique :\u00ab Ce partenariat mat\u00e9rialise notre contribution \u00e0 la recherche spatiale et plus particuli\u00e8rement \u00e0 l\u2019\u00e9cosyst\u00e8me d\u2019innovation li\u00e9e au d\u00e9veloppement des nanosatellites. Nous nous r\u00e9jouissons \u00e9galement de ces liens renforc\u00e9s avec les futurs ing\u00e9nieurs form\u00e9s par l\u2019Universit\u00e9 de Montpellier qui devront r\u00e9pondre aux d\u00e9fis de la nouvelle \u00e9conomie spatiale \u00bb.<\/p><p>Michel Courtois, Pr\u00e9sident de la Fondation Van Allen, d\u00e9clare : \u00ab La vocation de la Fondation est de cr\u00e9er un lien entre les chercheurs, les \u00e9tudiants et les industriels du secteur spatial. Nous sommes donc tr\u00e8s heureux d\u2019embarquer avec nous un leader des services d\u2019ing\u00e9nierie engag\u00e9 dans une d\u00e9marche d\u2019innovation ouverte. En tant que membre fondateur, Expleo apporte aux autres partenaires et aux \u00e9tudiants sa connaissance des process industriels complexes, sa ma\u00eetrise des nouvelles technologies et sa capacit\u00e9 \u00e0 d\u00e9velopper des <a href=\"https:\/\/expleo.com\/global\/fr\/le-groupe\/innovation-impact\/\">solutions novatrices<\/a> \u00bb.<\/p><p><strong>A propos de la Fondation Van Allen<\/strong><\/p><p>La Fondation Van Allen accompagne strat\u00e9giquement et financi\u00e8rement le 1er Centre Spatial Universitaire fran\u00e7ais, \u00e0 Montpellier. Elle est pr\u00e9sid\u00e9e par Michel Courtois, Ancien directeur du CNES Toulouse et ancien directeur technique de l\u2019ESA. Ses membres fondateurs sont l\u2019Universit\u00e9 de Montpellier et des industriels leaders du secteur spatial : 3DPlus, Airbus Defence &amp; Space, Expleo, Lat\u00e9co\u00e8re, Spherea et Zodiac Data Systems. Elle a pour mission de promouvoir et financer, via le m\u00e9c\u00e9nat d\u2019entreprises, la formation des \u00e9tudiants durant leurs stages et projets d\u2019\u00e9tudes sur le d\u00e9veloppement de nanosatellites universitaires, au niveau national et international.<\/p>\t\t\t\t\t\t\t\t<\/div>\n\t\t\t\t<\/div>\n\t\t\t\t\t<\/div>\n\t\t<\/div>\n\t\t\t\t\t<\/div>\n\t\t<\/section>\n\t\t\t\t<\/div>\n\t\t","protected":false},"excerpt":{"rendered":"<p>Paris, le 28 juin 2018.\u00a0Expleo devient membre fondateur de la Fondation Van Allen qui accompagne strat\u00e9giquement et financi\u00e8rement le 1er Centre Spatial Universitaire fran\u00e7ais d\u00e9di\u00e9 \u00e0 la recherche sur les nanosatellites (CSU-M, Universit\u00e9 de Montpellier). Un accord de partenariat a \u00e9t\u00e9 sign\u00e9 le 27 juin dans le cadre du Toulouse Space Show 2018. Cet engagement [&hellip;]<\/p>\n","protected":false},"author":67,"featured_media":0,"parent":0,"template":"","meta":{"_oasis_is_in_workflow":0,"_oasis_original":0,"_oasis_task_priority":"","footnotes":""},"topic":[121,122],"insights-single-templates":[492],"industry-taxonomy":[351],"content-type":[20],"country":[91],"service":[62,186,189,29],"class_list":["post-674","insights","type-insights","status-publish","hentry","topic-innovation-conception","topic-innovation-and-r-and-d","insights-single-templates-old-template","industry-taxonomy-spatial","content-type-actualite","country-france","service-systems-engineering","service-gestion-de-linnovation-and-solutions","service-ingenierie-produits-and-procedes","service-laboratoire-dinnovations"],"yoast_head":"<!-- This site is optimized with the Yoast SEO Premium plugin v28.3 (Yoast SEO v28.4) - https:\/\/yoast.com\/product\/yoast-seo-premium-wordpress\/ -->\n<title>Expleo &amp; Van Allen pour la recherche spatiale fran\u00e7aise<\/title>\n<meta name=\"description\" content=\"Expleo devient membre de la Fondation Van Allen qui accompagne le Centre Spatial Universitaire pour la recherche sur les nanosatellites.\" \/>\n<meta name=\"robots\" content=\"index, follow, max-snippet:-1, max-image-preview:large, max-video-preview:-1\" \/>\n<link rel=\"canonical\" href=\"https:\/\/expleo.com\/global\/fr\/perspectives\/actualite\/nouveau-membre-fondateur-de-la-fondation-van-allen-expleo-soutient-la-recherche-spatiale-francaise-et-linnovation-dans-le-domaine-des-nanosatellites\/\" \/>\n<meta property=\"og:locale\" content=\"fr_FR\" \/>\n<meta property=\"og:type\" content=\"article\" \/>\n<meta property=\"og:title\" content=\"Nouveau membre fondateur de la Fondation Van Allen, EXPLEO soutient la recherche spatiale fran\u00e7aise et l\u2019innovation dans le domaine des nanosatellites\ufeff\" \/>\n<meta property=\"og:description\" content=\"Expleo devient membre de la Fondation Van Allen qui accompagne le Centre Spatial Universitaire pour la recherche sur les nanosatellites.\" \/>\n<meta property=\"og:url\" content=\"https:\/\/expleo.com\/global\/fr\/perspectives\/actualite\/nouveau-membre-fondateur-de-la-fondation-van-allen-expleo-soutient-la-recherche-spatiale-francaise-et-linnovation-dans-le-domaine-des-nanosatellites\/\" \/>\n<meta property=\"og:site_name\" content=\"Global FR\" \/>\n<meta property=\"article:modified_time\" content=\"2025-02-06T10:43:19+00:00\" \/>\n<meta property=\"og:image\" content=\"https:\/\/expleo.com\/global\/fr\/wp-content\/uploads\/2018\/06\/news-nanosatellite-1280x720-1-768x432.jpeg\" \/>\n<meta name=\"twitter:card\" content=\"summary_large_image\" \/>\n<meta name=\"twitter:label1\" content=\"Dur\u00e9e de lecture estim\u00e9e\" \/>\n\t<meta name=\"twitter:data1\" content=\"3 minutes\" \/>\n<script type=\"application\/ld+json\" class=\"yoast-schema-graph\">{\"@context\":\"https:\\\/\\\/schema.org\",\"@graph\":[{\"@type\":\"WebPage\",\"@id\":\"https:\\\/\\\/expleo.com\\\/global\\\/fr\\\/perspectives\\\/actualite\\\/nouveau-membre-fondateur-de-la-fondation-van-allen-expleo-soutient-la-recherche-spatiale-francaise-et-linnovation-dans-le-domaine-des-nanosatellites\\\/\",\"url\":\"https:\\\/\\\/expleo.com\\\/global\\\/fr\\\/perspectives\\\/actualite\\\/nouveau-membre-fondateur-de-la-fondation-van-allen-expleo-soutient-la-recherche-spatiale-francaise-et-linnovation-dans-le-domaine-des-nanosatellites\\\/\",\"name\":\"Expleo & Van Allen pour la recherche spatiale fran\u00e7aise\",\"isPartOf\":{\"@id\":\"https:\\\/\\\/expleo.com\\\/global\\\/fr\\\/#website\"},\"primaryImageOfPage\":{\"@id\":\"https:\\\/\\\/expleo.com\\\/global\\\/fr\\\/perspectives\\\/actualite\\\/nouveau-membre-fondateur-de-la-fondation-van-allen-expleo-soutient-la-recherche-spatiale-francaise-et-linnovation-dans-le-domaine-des-nanosatellites\\\/#primaryimage\"},\"image\":{\"@id\":\"https:\\\/\\\/expleo.com\\\/global\\\/fr\\\/perspectives\\\/actualite\\\/nouveau-membre-fondateur-de-la-fondation-van-allen-expleo-soutient-la-recherche-spatiale-francaise-et-linnovation-dans-le-domaine-des-nanosatellites\\\/#primaryimage\"},\"thumbnailUrl\":\"https:\\\/\\\/expleo.com\\\/global\\\/fr\\\/wp-content\\\/uploads\\\/2018\\\/06\\\/news-nanosatellite-1280x720-1-768x432.jpeg\",\"datePublished\":\"2018-06-28T03:49:00+00:00\",\"dateModified\":\"2025-02-06T10:43:19+00:00\",\"description\":\"Expleo devient membre de la Fondation Van Allen qui accompagne le Centre Spatial Universitaire pour la recherche sur les nanosatellites.\",\"breadcrumb\":{\"@id\":\"https:\\\/\\\/expleo.com\\\/global\\\/fr\\\/perspectives\\\/actualite\\\/nouveau-membre-fondateur-de-la-fondation-van-allen-expleo-soutient-la-recherche-spatiale-francaise-et-linnovation-dans-le-domaine-des-nanosatellites\\\/#breadcrumb\"},\"inLanguage\":\"fr-FR\",\"potentialAction\":[{\"@type\":\"ReadAction\",\"target\":[\"https:\\\/\\\/expleo.com\\\/global\\\/fr\\\/perspectives\\\/actualite\\\/nouveau-membre-fondateur-de-la-fondation-van-allen-expleo-soutient-la-recherche-spatiale-francaise-et-linnovation-dans-le-domaine-des-nanosatellites\\\/\"]}]},{\"@type\":\"ImageObject\",\"inLanguage\":\"fr-FR\",\"@id\":\"https:\\\/\\\/expleo.com\\\/global\\\/fr\\\/perspectives\\\/actualite\\\/nouveau-membre-fondateur-de-la-fondation-van-allen-expleo-soutient-la-recherche-spatiale-francaise-et-linnovation-dans-le-domaine-des-nanosatellites\\\/#primaryimage\",\"url\":\"https:\\\/\\\/expleo.com\\\/global\\\/fr\\\/wp-content\\\/uploads\\\/2018\\\/06\\\/news-nanosatellite-1280x720-1.jpeg\",\"contentUrl\":\"https:\\\/\\\/expleo.com\\\/global\\\/fr\\\/wp-content\\\/uploads\\\/2018\\\/06\\\/news-nanosatellite-1280x720-1.jpeg\",\"width\":1280,\"height\":720,\"caption\":\"A small, black satellite with two extended solar panels and visible antenna, set against a black background. Developed by Expleo & Van Allen pour la recherche spatiale fran\u00e7aise, it has a boxy shape with detailed components on its top side.\"},{\"@type\":\"BreadcrumbList\",\"@id\":\"https:\\\/\\\/expleo.com\\\/global\\\/fr\\\/perspectives\\\/actualite\\\/nouveau-membre-fondateur-de-la-fondation-van-allen-expleo-soutient-la-recherche-spatiale-francaise-et-linnovation-dans-le-domaine-des-nanosatellites\\\/#breadcrumb\",\"itemListElement\":[{\"@type\":\"ListItem\",\"position\":1,\"name\":\"Home\",\"item\":\"https:\\\/\\\/expleo.com\\\/global\\\/fr\\\/\"},{\"@type\":\"ListItem\",\"position\":2,\"name\":\"Perspectives\",\"item\":\"https:\\\/\\\/expleo.com\\\/global\\\/fr\\\/perspectives\\\/\"},{\"@type\":\"ListItem\",\"position\":3,\"name\":\"Nouveau membre fondateur de la Fondation Van Allen, EXPLEO soutient la recherche spatiale fran\u00e7aise et l\u2019innovation dans le domaine des nanosatellites\ufeff\"}]},{\"@type\":\"WebSite\",\"@id\":\"https:\\\/\\\/expleo.com\\\/global\\\/fr\\\/#website\",\"url\":\"https:\\\/\\\/expleo.com\\\/global\\\/fr\\\/\",\"name\":\"Expleo | FR\",\"description\":\"Expleo\",\"publisher\":{\"@id\":\"https:\\\/\\\/expleo.com\\\/global\\\/fr\\\/#organization\"},\"potentialAction\":[{\"@type\":\"SearchAction\",\"target\":{\"@type\":\"EntryPoint\",\"urlTemplate\":\"https:\\\/\\\/expleo.com\\\/global\\\/fr\\\/?s={search_term_string}\"},\"query-input\":{\"@type\":\"PropertyValueSpecification\",\"valueRequired\":true,\"valueName\":\"search_term_string\"}}],\"inLanguage\":\"fr-FR\"},{\"@type\":\"Organization\",\"@id\":\"https:\\\/\\\/expleo.com\\\/global\\\/fr\\\/#organization\",\"name\":\"Expleo | FR\",\"url\":\"https:\\\/\\\/expleo.com\\\/global\\\/fr\\\/\",\"logo\":{\"@type\":\"ImageObject\",\"inLanguage\":\"fr-FR\",\"@id\":\"https:\\\/\\\/expleo.com\\\/global\\\/fr\\\/#\\\/schema\\\/logo\\\/image\\\/\",\"url\":\"https:\\\/\\\/expleo.com\\\/global\\\/fr\\\/wp-content\\\/uploads\\\/2019\\\/02\\\/expleo-logo-and-tagline.png\",\"contentUrl\":\"https:\\\/\\\/expleo.com\\\/global\\\/fr\\\/wp-content\\\/uploads\\\/2019\\\/02\\\/expleo-logo-and-tagline.png\",\"width\":1600,\"height\":774,\"caption\":\"Expleo | FR\"},\"image\":{\"@id\":\"https:\\\/\\\/expleo.com\\\/global\\\/fr\\\/#\\\/schema\\\/logo\\\/image\\\/\"}}]}<\/script>\n<!-- \/ Yoast SEO Premium plugin. -->","yoast_head_json":{"title":"Expleo & Van Allen pour la recherche spatiale fran\u00e7aise","description":"Expleo devient membre de la Fondation Van Allen qui accompagne le Centre Spatial Universitaire pour la recherche sur les nanosatellites.","robots":{"index":"index","follow":"follow","max-snippet":"max-snippet:-1","max-image-preview":"max-image-preview:large","max-video-preview":"max-video-preview:-1"},"canonical":"https:\/\/expleo.com\/global\/fr\/perspectives\/actualite\/nouveau-membre-fondateur-de-la-fondation-van-allen-expleo-soutient-la-recherche-spatiale-francaise-et-linnovation-dans-le-domaine-des-nanosatellites\/","og_locale":"fr_FR","og_type":"article","og_title":"Nouveau membre fondateur de la Fondation Van Allen, EXPLEO soutient la recherche spatiale fran\u00e7aise et l\u2019innovation dans le domaine des nanosatellites\ufeff","og_description":"Expleo devient membre de la Fondation Van Allen qui accompagne le Centre Spatial Universitaire pour la recherche sur les nanosatellites.","og_url":"https:\/\/expleo.com\/global\/fr\/perspectives\/actualite\/nouveau-membre-fondateur-de-la-fondation-van-allen-expleo-soutient-la-recherche-spatiale-francaise-et-linnovation-dans-le-domaine-des-nanosatellites\/","og_site_name":"Global FR","article_modified_time":"2025-02-06T10:43:19+00:00","og_image":[{"url":"https:\/\/expleo.com\/global\/fr\/wp-content\/uploads\/2018\/06\/news-nanosatellite-1280x720-1-768x432.jpeg","type":"","width":"","height":""}],"twitter_card":"summary_large_image","twitter_misc":{"Dur\u00e9e de lecture estim\u00e9e":"3 minutes"},"schema":{"@context":"https:\/\/schema.org","@graph":[{"@type":"WebPage","@id":"https:\/\/expleo.com\/global\/fr\/perspectives\/actualite\/nouveau-membre-fondateur-de-la-fondation-van-allen-expleo-soutient-la-recherche-spatiale-francaise-et-linnovation-dans-le-domaine-des-nanosatellites\/","url":"https:\/\/expleo.com\/global\/fr\/perspectives\/actualite\/nouveau-membre-fondateur-de-la-fondation-van-allen-expleo-soutient-la-recherche-spatiale-francaise-et-linnovation-dans-le-domaine-des-nanosatellites\/","name":"Expleo & Van Allen pour la recherche spatiale fran\u00e7aise","isPartOf":{"@id":"https:\/\/expleo.com\/global\/fr\/#website"},"primaryImageOfPage":{"@id":"https:\/\/expleo.com\/global\/fr\/perspectives\/actualite\/nouveau-membre-fondateur-de-la-fondation-van-allen-expleo-soutient-la-recherche-spatiale-francaise-et-linnovation-dans-le-domaine-des-nanosatellites\/#primaryimage"},"image":{"@id":"https:\/\/expleo.com\/global\/fr\/perspectives\/actualite\/nouveau-membre-fondateur-de-la-fondation-van-allen-expleo-soutient-la-recherche-spatiale-francaise-et-linnovation-dans-le-domaine-des-nanosatellites\/#primaryimage"},"thumbnailUrl":"https:\/\/expleo.com\/global\/fr\/wp-content\/uploads\/2018\/06\/news-nanosatellite-1280x720-1-768x432.jpeg","datePublished":"2018-06-28T03:49:00+00:00","dateModified":"2025-02-06T10:43:19+00:00","description":"Expleo devient membre de la Fondation Van Allen qui accompagne le Centre Spatial Universitaire pour la recherche sur les nanosatellites.","breadcrumb":{"@id":"https:\/\/expleo.com\/global\/fr\/perspectives\/actualite\/nouveau-membre-fondateur-de-la-fondation-van-allen-expleo-soutient-la-recherche-spatiale-francaise-et-linnovation-dans-le-domaine-des-nanosatellites\/#breadcrumb"},"inLanguage":"fr-FR","potentialAction":[{"@type":"ReadAction","target":["https:\/\/expleo.com\/global\/fr\/perspectives\/actualite\/nouveau-membre-fondateur-de-la-fondation-van-allen-expleo-soutient-la-recherche-spatiale-francaise-et-linnovation-dans-le-domaine-des-nanosatellites\/"]}]},{"@type":"ImageObject","inLanguage":"fr-FR","@id":"https:\/\/expleo.com\/global\/fr\/perspectives\/actualite\/nouveau-membre-fondateur-de-la-fondation-van-allen-expleo-soutient-la-recherche-spatiale-francaise-et-linnovation-dans-le-domaine-des-nanosatellites\/#primaryimage","url":"https:\/\/expleo.com\/global\/fr\/wp-content\/uploads\/2018\/06\/news-nanosatellite-1280x720-1.jpeg","contentUrl":"https:\/\/expleo.com\/global\/fr\/wp-content\/uploads\/2018\/06\/news-nanosatellite-1280x720-1.jpeg","width":1280,"height":720,"caption":"A small, black satellite with two extended solar panels and visible antenna, set against a black background. Developed by Expleo & Van Allen pour la recherche spatiale fran\u00e7aise, it has a boxy shape with detailed components on its top side."},{"@type":"BreadcrumbList","@id":"https:\/\/expleo.com\/global\/fr\/perspectives\/actualite\/nouveau-membre-fondateur-de-la-fondation-van-allen-expleo-soutient-la-recherche-spatiale-francaise-et-linnovation-dans-le-domaine-des-nanosatellites\/#breadcrumb","itemListElement":[{"@type":"ListItem","position":1,"name":"Home","item":"https:\/\/expleo.com\/global\/fr\/"},{"@type":"ListItem","position":2,"name":"Perspectives","item":"https:\/\/expleo.com\/global\/fr\/perspectives\/"},{"@type":"ListItem","position":3,"name":"Nouveau membre fondateur de la Fondation Van Allen, EXPLEO soutient la recherche spatiale fran\u00e7aise et l\u2019innovation dans le domaine des nanosatellites\ufeff"}]},{"@type":"WebSite","@id":"https:\/\/expleo.com\/global\/fr\/#website","url":"https:\/\/expleo.com\/global\/fr\/","name":"Expleo | FR","description":"Expleo","publisher":{"@id":"https:\/\/expleo.com\/global\/fr\/#organization"},"potentialAction":[{"@type":"SearchAction","target":{"@type":"EntryPoint","urlTemplate":"https:\/\/expleo.com\/global\/fr\/?s={search_term_string}"},"query-input":{"@type":"PropertyValueSpecification","valueRequired":true,"valueName":"search_term_string"}}],"inLanguage":"fr-FR"},{"@type":"Organization","@id":"https:\/\/expleo.com\/global\/fr\/#organization","name":"Expleo | FR","url":"https:\/\/expleo.com\/global\/fr\/","logo":{"@type":"ImageObject","inLanguage":"fr-FR","@id":"https:\/\/expleo.com\/global\/fr\/#\/schema\/logo\/image\/","url":"https:\/\/expleo.com\/global\/fr\/wp-content\/uploads\/2019\/02\/expleo-logo-and-tagline.png","contentUrl":"https:\/\/expleo.com\/global\/fr\/wp-content\/uploads\/2019\/02\/expleo-logo-and-tagline.png","width":1600,"height":774,"caption":"Expleo | FR"},"image":{"@id":"https:\/\/expleo.com\/global\/fr\/#\/schema\/logo\/image\/"}}]}},"hreflang":{"rendered":"<link rel=\"alternate\" href=\"https:\/\/expleo.com\/global\/en\/perspectives\/news\/expleo-supports-frances-space-research-and-innovation-in-nanosatellites\/\" hreflang=\"x-default\"\/>\n<link rel=\"alternate\" href=\"https:\/\/expleo.com\/global\/en\/perspectives\/news\/expleo-supports-frances-space-research-and-innovation-in-nanosatellites\/\" hreflang=\"en\"\/>\n<link rel=\"alternate\" href=\"https:\/\/expleo.com\/global\/fr\/perspectives\/actualite\/nouveau-membre-fondateur-de-la-fondation-van-allen-expleo-soutient-la-recherche-spatiale-francaise-et-linnovation-dans-le-domaine-des-nanosatellites\/\" hreflang=\"fr\"\/>\n<link rel=\"alternate\" href=\"https:\/\/expleo.com\/global\/de\/perspectives\/neuigkeiten\/als-grundungsmitglied-der-van-allen-foundation-unterstutzt-expleo-die-franzosische-weltraumforschung-bei-nanosatelliten-innovationen\/\" hreflang=\"de\"\/>\n","structure":[{"blogId":4,"blogIsHidden":false,"postId":782,"url":"https:\/\/expleo.com\/global\/en\/perspectives\/news\/expleo-supports-frances-space-research-and-innovation-in-nanosatellites\/","language":"en","default":true},{"blogId":5,"blogIsHidden":false,"postId":674,"url":"https:\/\/expleo.com\/global\/fr\/perspectives\/actualite\/nouveau-membre-fondateur-de-la-fondation-van-allen-expleo-soutient-la-recherche-spatiale-francaise-et-linnovation-dans-le-domaine-des-nanosatellites\/","language":"fr","default":false},{"blogId":6,"blogIsHidden":false,"postId":660,"url":"https:\/\/expleo.com\/global\/de\/perspectives\/neuigkeiten\/als-grundungsmitglied-der-van-allen-foundation-unterstutzt-expleo-die-franzosische-weltraumforschung-bei-nanosatelliten-innovationen\/","language":"de","default":false}]},"_links":{"self":[{"href":"https:\/\/expleo.com\/global\/fr\/wp-json\/wp\/v2\/insights\/674","targetHints":{"allow":["GET"]}}],"collection":[{"href":"https:\/\/expleo.com\/global\/fr\/wp-json\/wp\/v2\/insights"}],"about":[{"href":"https:\/\/expleo.com\/global\/fr\/wp-json\/wp\/v2\/types\/insights"}],"author":[{"embeddable":true,"href":"https:\/\/expleo.com\/global\/fr\/wp-json\/wp\/v2\/users\/67"}],"version-history":[{"count":0,"href":"https:\/\/expleo.com\/global\/fr\/wp-json\/wp\/v2\/insights\/674\/revisions"}],"wp:attachment":[{"href":"https:\/\/expleo.com\/global\/fr\/wp-json\/wp\/v2\/media?parent=674"}],"wp:term":[{"taxonomy":"topic","embeddable":true,"href":"https:\/\/expleo.com\/global\/fr\/wp-json\/wp\/v2\/topic?post=674"},{"taxonomy":"insights-single-templates","embeddable":true,"href":"https:\/\/expleo.com\/global\/fr\/wp-json\/wp\/v2\/insights-single-templates?post=674"},{"taxonomy":"industry-taxonomy","embeddable":true,"href":"https:\/\/expleo.com\/global\/fr\/wp-json\/wp\/v2\/industry-taxonomy?post=674"},{"taxonomy":"content-type","embeddable":true,"href":"https:\/\/expleo.com\/global\/fr\/wp-json\/wp\/v2\/content-type?post=674"},{"taxonomy":"country","embeddable":true,"href":"https:\/\/expleo.com\/global\/fr\/wp-json\/wp\/v2\/country?post=674"},{"taxonomy":"service","embeddable":true,"href":"https:\/\/expleo.com\/global\/fr\/wp-json\/wp\/v2\/service?post=674"}],"curies":[{"name":"wp","href":"https:\/\/api.w.org\/{rel}","templated":true}]}}