{"id":723,"date":"2021-04-16T12:20:00","date_gmt":"2021-04-16T12:20:00","guid":{"rendered":"https:\/\/expleo.com\/global\/en\/?post_type=insight&#038;p=795"},"modified":"2024-02-02T09:28:09","modified_gmt":"2024-02-02T09:28:09","slug":"herve-garnousset-rejoint-expleo-en-tant-que-directeur-du-digital","status":"publish","type":"insights","link":"https:\/\/expleo.com\/global\/fr\/perspectives\/actualite\/herve-garnousset-rejoint-expleo-en-tant-que-directeur-du-digital\/","title":{"rendered":"Herv\u00e9 Garnousset rejoint Expleo en tant que Directeur du Digital"},"content":{"rendered":"\t\t<div data-elementor-type=\"wp-post\" data-elementor-id=\"723\" class=\"elementor elementor-723\" data-elementor-post-type=\"insights\">\n\t\t\t\t\t\t<section class=\"elementor-section elementor-top-section elementor-element elementor-element-675e9d9 gg-article-content gg-standard-article-template gg-simple-text gg-container-small-ptb-72 elementor-section-boxed elementor-section-height-default elementor-section-height-default\" data-id=\"675e9d9\" data-element_type=\"section\" data-e-type=\"section\">\n\t\t\t\t\t\t<div class=\"elementor-container elementor-column-gap-no\">\n\t\t\t\t\t<div class=\"elementor-column elementor-col-100 elementor-top-column elementor-element elementor-element-2cd75bb gg-tablet-view\" data-id=\"2cd75bb\" data-element_type=\"column\" data-e-type=\"column\">\n\t\t\t<div class=\"elementor-widget-wrap elementor-element-populated\">\n\t\t\t\t\t\t<div class=\"elementor-element elementor-element-68908e4 gg-font-v9 gg-text-with-paddingbottom gg-class-for-iphone8 elementor-widget elementor-widget-text-editor\" data-id=\"68908e4\" data-element_type=\"widget\" data-e-type=\"widget\" data-widget_type=\"text-editor.default\">\n\t\t\t\t<div class=\"elementor-widget-container\">\n\t\t\t\t\t\t\t\t\t<p>Paris, le 15 avril 2021 \u2013 Le conseil de surveillance d\u2019Expleo annonce la nomination d\u2019<strong>Herv\u00e9 Garnousset en tant que nouveau Directeur du Digital d\u2019Expleo.<\/strong>\u00a0Il supervisera le d\u00e9partement digital r\u00e9cemment mis en place et soutiendra nos clients dans le d\u00e9ploiement de leurs programmes de transformation digitale.<\/p><p>Tout au long de sa carri\u00e8re, Herv\u00e9 a accompagn\u00e9 et pilot\u00e9 des transformations d\u2019entreprise, aussi bien dans le secteur public et du transport que des nouvelles technologies. Un parcours qui a forg\u00e9 sa vision sur les enjeux strat\u00e9giques li\u00e9s \u00e0 la ma\u00eetrise des technologies num\u00e9riques.<\/p><p><strong>Rajesh Krishnamurthy, Pr\u00e9sident du directoire d\u2019Expleo, d\u00e9clare :\u00a0<\/strong><em>\u201cLe monde des entreprises est en plein changement, avec une importance grandissante accord\u00e9e \u00e0 l\u2019exp\u00e9rience-utilisateur et \u00e0 l\u2019intelligence artificielle, avec l\u2019appui d\u2019un nombre croissant de logiciels. L\u2019exp\u00e9rience d\u2019Herv\u00e9 sera un atout pr\u00e9cieux dans la consolidation et l\u2019\u00e9largissement de notre offre num\u00e9rique, dans le but de mieux accompagner nos clients dans leurs transformations digitales.\u201d<\/em><\/p><p><strong>Herv\u00e9 Garnousset, nouveau Directeur du Digital, commente :\u00a0<\/strong><em>\u201cJe suis tr\u00e8s enthousiaste \u00e0 l\u2019id\u00e9e de rejoindre Expleo et de travailler avec ses clients dans les secteurs de l\u2019ing\u00e9nierie et de la qualit\u00e9.\u201d<\/em><\/p>\t\t\t\t\t\t\t\t<\/div>\n\t\t\t\t<\/div>\n\t\t\t\t<div class=\"elementor-element elementor-element-090be89 gg-font-v4 gg-custom-dark-purple-color  gg-print-pb-10 elementor-widget elementor-widget-heading\" data-id=\"090be89\" data-element_type=\"widget\" data-e-type=\"widget\" data-widget_type=\"heading.default\">\n\t\t\t\t<div class=\"elementor-widget-container\">\n\t\t\t\t\t<h2 class=\"elementor-heading-title elementor-size-default\">Biographie :<\/h2>\t\t\t\t<\/div>\n\t\t\t\t<\/div>\n\t\t\t\t<div class=\"elementor-element elementor-element-f7791d2 gg-font-v9 gg-text-with-paddingbottom gg-class-for-iphone8 elementor-widget elementor-widget-text-editor\" data-id=\"f7791d2\" data-element_type=\"widget\" data-e-type=\"widget\" data-widget_type=\"text-editor.default\">\n\t\t\t\t<div class=\"elementor-widget-container\">\n\t\t\t\t\t\t\t\t\t<p>Herv\u00e9 Garnousset est titulaire d\u2019un doctorat en ing\u00e9nierie \u00e9lectrique, robotique et intelligence artificielle, obtenu \u00e0 l\u2019Universit\u00e9 Paul Sabatier. Il d\u00e9bute sa carri\u00e8re au sein du cabinet de conseil en management Kearney, o\u00f9 il dirige des projets majeurs pour l\u2019industrie a\u00e9roportuaire d\u2019Hong Kong. Il accompagne ces acteurs (compagnies a\u00e9riennes et a\u00e9roports) dans leur transition vers un mod\u00e8le de hub international<\/p><p>En 1996, Herv\u00e9 Garnoussetrejoint Sopra Steria en tant que Senior Engagement Manager pour les secteurs de l\u2019a\u00e9rospatial et du transport. En 2000, il est nomm\u00e9 Directeur ex\u00e9cutif, responsable des grandes op\u00e9rations strat\u00e9giques aupr\u00e8s du gouvernement fran\u00e7ais et d\u2019entreprises internationales dans l\u2019\u00e9nergie et les services. Au sein de Sopra Steria, Herv\u00e9 Garnousset g\u00e8re notamment la mise en \u0153uvre d\u2019un programme de comptabilit\u00e9 automatis\u00e9e \u00e0 grande \u00e9chelle, ainsi que la consolidation et la rationalisation des syst\u00e8mes comptables pour des minist\u00e8res fran\u00e7ais.<\/p><p>Il int\u00e8gre Fujitsu en 2010, en tant que Vice-pr\u00e9sident et Directeur g\u00e9n\u00e9ral France. Il y dirige alors le projet de r\u00e9implantation de la marque dans la r\u00e9gion. Avant son arriv\u00e9e chez Expleo, il assure ensuite les fonctions d\u2019Associ\u00e9 Senior et Directeur du Conseil Europe du Sud chez DXC Technology.<\/p>\t\t\t\t\t\t\t\t<\/div>\n\t\t\t\t<\/div>\n\t\t\t\t<div class=\"elementor-element elementor-element-3bfe518 gg-font-v4 gg-custom-dark-purple-color  elementor-widget elementor-widget-heading\" data-id=\"3bfe518\" data-element_type=\"widget\" data-e-type=\"widget\" data-widget_type=\"heading.default\">\n\t\t\t\t<div class=\"elementor-widget-container\">\n\t\t\t\t\t<h2 class=\"elementor-heading-title elementor-size-default\">Contact m\u00e9dias :<\/h2>\t\t\t\t<\/div>\n\t\t\t\t<\/div>\n\t\t\t\t<div class=\"elementor-element elementor-element-d4398a3 gg-font-v9 gg-class-for-iphone8  elementor-widget elementor-widget-text-editor\" data-id=\"d4398a3\" data-element_type=\"widget\" data-e-type=\"widget\" data-widget_type=\"text-editor.default\">\n\t\t\t\t<div class=\"elementor-widget-container\">\n\t\t\t\t\t\t\t\t\t<p><strong>Expleo<\/strong><br \/>Valentine Eman<br \/>Head of Corporate Communications<br \/><a href=\"mailto:valentine.eman@expleogroup.com\">valentine.eman@expleogroup.com<\/a><br \/>+33 (0) 6 71 15 99 61\u00a0\u00a0<\/p>\t\t\t\t\t\t\t\t<\/div>\n\t\t\t\t<\/div>\n\t\t\t\t\t<\/div>\n\t\t<\/div>\n\t\t\t\t\t<\/div>\n\t\t<\/section>\n\t\t\t\t<\/div>\n\t\t","protected":false},"excerpt":{"rendered":"<p>Paris, le 15 avril 2021 \u2013 Le conseil de surveillance d\u2019Expleo annonce la nomination d\u2019Herv\u00e9 Garnousset en tant que nouveau Directeur du Digital d\u2019Expleo.<\/p>\n","protected":false},"author":67,"featured_media":1277,"parent":0,"template":"","meta":{"_oasis_is_in_workflow":0,"_oasis_original":0,"_oasis_task_priority":"","footnotes":""},"topic":[119],"insights-single-templates":[492],"industry-taxonomy":[373],"content-type":[20],"country":[116],"service":[],"class_list":["post-723","insights","type-insights","status-publish","has-post-thumbnail","hentry","topic-people-and-leadership","insights-single-templates-old-template","industry-taxonomy-all","content-type-actualite","country-global"],"yoast_head":"<!-- This site is optimized with the Yoast SEO Premium plugin v28.3 (Yoast SEO v28.4) - https:\/\/yoast.com\/product\/yoast-seo-premium-wordpress\/ -->\n<title>Herv\u00e9 Garnousset rejoint Expleo en tant que Directeur du Digital<\/title>\n<meta name=\"description\" content=\"Le conseil de surveillance d\u2019Expleo annonce la nomination d\u2019Herv\u00e9 Garnousset en tant que nouveau Directeur du Digital d\u2019Expleo.\" \/>\n<meta name=\"robots\" content=\"index, follow, max-snippet:-1, max-image-preview:large, max-video-preview:-1\" \/>\n<link rel=\"canonical\" href=\"https:\/\/expleo.com\/global\/fr\/perspectives\/actualite\/herve-garnousset-rejoint-expleo-en-tant-que-directeur-du-digital\/\" \/>\n<meta property=\"og:locale\" content=\"fr_FR\" \/>\n<meta property=\"og:type\" content=\"article\" \/>\n<meta property=\"og:title\" content=\"Herv\u00e9 Garnousset rejoint Expleo en tant que Directeur du Digital\" \/>\n<meta property=\"og:description\" content=\"Le conseil de surveillance d\u2019Expleo annonce la nomination d\u2019Herv\u00e9 Garnousset en tant que nouveau Directeur du Digital d\u2019Expleo.\" \/>\n<meta property=\"og:url\" content=\"https:\/\/expleo.com\/global\/fr\/perspectives\/actualite\/herve-garnousset-rejoint-expleo-en-tant-que-directeur-du-digital\/\" \/>\n<meta property=\"og:site_name\" content=\"Global FR\" \/>\n<meta property=\"article:modified_time\" content=\"2024-02-02T09:28:09+00:00\" \/>\n<meta property=\"og:image\" content=\"https:\/\/expleo.com\/global\/fr\/wp-content\/uploads\/2021\/10\/services-consultancy-digital-business-1-1280x720-3.jpg\" \/>\n\t<meta property=\"og:image:width\" content=\"1280\" \/>\n\t<meta property=\"og:image:height\" content=\"720\" \/>\n\t<meta property=\"og:image:type\" content=\"image\/jpeg\" \/>\n<meta name=\"twitter:card\" content=\"summary_large_image\" \/>\n<meta name=\"twitter:label1\" content=\"Dur\u00e9e de lecture estim\u00e9e\" \/>\n\t<meta name=\"twitter:data1\" content=\"3 minutes\" \/>\n<script type=\"application\/ld+json\" class=\"yoast-schema-graph\">{\"@context\":\"https:\\\/\\\/schema.org\",\"@graph\":[{\"@type\":\"WebPage\",\"@id\":\"https:\\\/\\\/expleo.com\\\/global\\\/fr\\\/perspectives\\\/actualite\\\/herve-garnousset-rejoint-expleo-en-tant-que-directeur-du-digital\\\/\",\"url\":\"https:\\\/\\\/expleo.com\\\/global\\\/fr\\\/perspectives\\\/actualite\\\/herve-garnousset-rejoint-expleo-en-tant-que-directeur-du-digital\\\/\",\"name\":\"Herv\u00e9 Garnousset rejoint Expleo en tant que Directeur du Digital\",\"isPartOf\":{\"@id\":\"https:\\\/\\\/expleo.com\\\/global\\\/fr\\\/#website\"},\"primaryImageOfPage\":{\"@id\":\"https:\\\/\\\/expleo.com\\\/global\\\/fr\\\/perspectives\\\/actualite\\\/herve-garnousset-rejoint-expleo-en-tant-que-directeur-du-digital\\\/#primaryimage\"},\"image\":{\"@id\":\"https:\\\/\\\/expleo.com\\\/global\\\/fr\\\/perspectives\\\/actualite\\\/herve-garnousset-rejoint-expleo-en-tant-que-directeur-du-digital\\\/#primaryimage\"},\"thumbnailUrl\":\"https:\\\/\\\/expleo.com\\\/global\\\/fr\\\/wp-content\\\/uploads\\\/2021\\\/10\\\/services-consultancy-digital-business-1-1280x720-3.jpg\",\"datePublished\":\"2021-04-16T12:20:00+00:00\",\"dateModified\":\"2024-02-02T09:28:09+00:00\",\"description\":\"Le conseil de surveillance d\u2019Expleo annonce la nomination d\u2019Herv\u00e9 Garnousset en tant que nouveau Directeur du Digital d\u2019Expleo.\",\"breadcrumb\":{\"@id\":\"https:\\\/\\\/expleo.com\\\/global\\\/fr\\\/perspectives\\\/actualite\\\/herve-garnousset-rejoint-expleo-en-tant-que-directeur-du-digital\\\/#breadcrumb\"},\"inLanguage\":\"fr-FR\",\"potentialAction\":[{\"@type\":\"ReadAction\",\"target\":[\"https:\\\/\\\/expleo.com\\\/global\\\/fr\\\/perspectives\\\/actualite\\\/herve-garnousset-rejoint-expleo-en-tant-que-directeur-du-digital\\\/\"]}]},{\"@type\":\"ImageObject\",\"inLanguage\":\"fr-FR\",\"@id\":\"https:\\\/\\\/expleo.com\\\/global\\\/fr\\\/perspectives\\\/actualite\\\/herve-garnousset-rejoint-expleo-en-tant-que-directeur-du-digital\\\/#primaryimage\",\"url\":\"https:\\\/\\\/expleo.com\\\/global\\\/fr\\\/wp-content\\\/uploads\\\/2021\\\/10\\\/services-consultancy-digital-business-1-1280x720-3.jpg\",\"contentUrl\":\"https:\\\/\\\/expleo.com\\\/global\\\/fr\\\/wp-content\\\/uploads\\\/2021\\\/10\\\/services-consultancy-digital-business-1-1280x720-3.jpg\",\"width\":1280,\"height\":720,\"caption\":\"A man holding a tablet with virtual icons\"},{\"@type\":\"BreadcrumbList\",\"@id\":\"https:\\\/\\\/expleo.com\\\/global\\\/fr\\\/perspectives\\\/actualite\\\/herve-garnousset-rejoint-expleo-en-tant-que-directeur-du-digital\\\/#breadcrumb\",\"itemListElement\":[{\"@type\":\"ListItem\",\"position\":1,\"name\":\"Home\",\"item\":\"https:\\\/\\\/expleo.com\\\/global\\\/fr\\\/\"},{\"@type\":\"ListItem\",\"position\":2,\"name\":\"Perspectives\",\"item\":\"https:\\\/\\\/expleo.com\\\/global\\\/fr\\\/perspectives\\\/\"},{\"@type\":\"ListItem\",\"position\":3,\"name\":\"Herv\u00e9 Garnousset rejoint Expleo en tant que Directeur du Digital\"}]},{\"@type\":\"WebSite\",\"@id\":\"https:\\\/\\\/expleo.com\\\/global\\\/fr\\\/#website\",\"url\":\"https:\\\/\\\/expleo.com\\\/global\\\/fr\\\/\",\"name\":\"Expleo | FR\",\"description\":\"Expleo\",\"publisher\":{\"@id\":\"https:\\\/\\\/expleo.com\\\/global\\\/fr\\\/#organization\"},\"potentialAction\":[{\"@type\":\"SearchAction\",\"target\":{\"@type\":\"EntryPoint\",\"urlTemplate\":\"https:\\\/\\\/expleo.com\\\/global\\\/fr\\\/?s={search_term_string}\"},\"query-input\":{\"@type\":\"PropertyValueSpecification\",\"valueRequired\":true,\"valueName\":\"search_term_string\"}}],\"inLanguage\":\"fr-FR\"},{\"@type\":\"Organization\",\"@id\":\"https:\\\/\\\/expleo.com\\\/global\\\/fr\\\/#organization\",\"name\":\"Expleo | FR\",\"url\":\"https:\\\/\\\/expleo.com\\\/global\\\/fr\\\/\",\"logo\":{\"@type\":\"ImageObject\",\"inLanguage\":\"fr-FR\",\"@id\":\"https:\\\/\\\/expleo.com\\\/global\\\/fr\\\/#\\\/schema\\\/logo\\\/image\\\/\",\"url\":\"https:\\\/\\\/expleo.com\\\/global\\\/fr\\\/wp-content\\\/uploads\\\/2019\\\/02\\\/expleo-logo-and-tagline.png\",\"contentUrl\":\"https:\\\/\\\/expleo.com\\\/global\\\/fr\\\/wp-content\\\/uploads\\\/2019\\\/02\\\/expleo-logo-and-tagline.png\",\"width\":1600,\"height\":774,\"caption\":\"Expleo | FR\"},\"image\":{\"@id\":\"https:\\\/\\\/expleo.com\\\/global\\\/fr\\\/#\\\/schema\\\/logo\\\/image\\\/\"}}]}<\/script>\n<!-- \/ Yoast SEO Premium plugin. -->","yoast_head_json":{"title":"Herv\u00e9 Garnousset rejoint Expleo en tant que Directeur du Digital","description":"Le conseil de surveillance d\u2019Expleo annonce la nomination d\u2019Herv\u00e9 Garnousset en tant que nouveau Directeur du Digital d\u2019Expleo.","robots":{"index":"index","follow":"follow","max-snippet":"max-snippet:-1","max-image-preview":"max-image-preview:large","max-video-preview":"max-video-preview:-1"},"canonical":"https:\/\/expleo.com\/global\/fr\/perspectives\/actualite\/herve-garnousset-rejoint-expleo-en-tant-que-directeur-du-digital\/","og_locale":"fr_FR","og_type":"article","og_title":"Herv\u00e9 Garnousset rejoint Expleo en tant que Directeur du Digital","og_description":"Le conseil de surveillance d\u2019Expleo annonce la nomination d\u2019Herv\u00e9 Garnousset en tant que nouveau Directeur du Digital d\u2019Expleo.","og_url":"https:\/\/expleo.com\/global\/fr\/perspectives\/actualite\/herve-garnousset-rejoint-expleo-en-tant-que-directeur-du-digital\/","og_site_name":"Global FR","article_modified_time":"2024-02-02T09:28:09+00:00","og_image":[{"width":1280,"height":720,"url":"https:\/\/expleo.com\/global\/fr\/wp-content\/uploads\/2021\/10\/services-consultancy-digital-business-1-1280x720-3.jpg","type":"image\/jpeg"}],"twitter_card":"summary_large_image","twitter_misc":{"Dur\u00e9e de lecture estim\u00e9e":"3 minutes"},"schema":{"@context":"https:\/\/schema.org","@graph":[{"@type":"WebPage","@id":"https:\/\/expleo.com\/global\/fr\/perspectives\/actualite\/herve-garnousset-rejoint-expleo-en-tant-que-directeur-du-digital\/","url":"https:\/\/expleo.com\/global\/fr\/perspectives\/actualite\/herve-garnousset-rejoint-expleo-en-tant-que-directeur-du-digital\/","name":"Herv\u00e9 Garnousset rejoint Expleo en tant que Directeur du Digital","isPartOf":{"@id":"https:\/\/expleo.com\/global\/fr\/#website"},"primaryImageOfPage":{"@id":"https:\/\/expleo.com\/global\/fr\/perspectives\/actualite\/herve-garnousset-rejoint-expleo-en-tant-que-directeur-du-digital\/#primaryimage"},"image":{"@id":"https:\/\/expleo.com\/global\/fr\/perspectives\/actualite\/herve-garnousset-rejoint-expleo-en-tant-que-directeur-du-digital\/#primaryimage"},"thumbnailUrl":"https:\/\/expleo.com\/global\/fr\/wp-content\/uploads\/2021\/10\/services-consultancy-digital-business-1-1280x720-3.jpg","datePublished":"2021-04-16T12:20:00+00:00","dateModified":"2024-02-02T09:28:09+00:00","description":"Le conseil de surveillance d\u2019Expleo annonce la nomination d\u2019Herv\u00e9 Garnousset en tant que nouveau Directeur du Digital d\u2019Expleo.","breadcrumb":{"@id":"https:\/\/expleo.com\/global\/fr\/perspectives\/actualite\/herve-garnousset-rejoint-expleo-en-tant-que-directeur-du-digital\/#breadcrumb"},"inLanguage":"fr-FR","potentialAction":[{"@type":"ReadAction","target":["https:\/\/expleo.com\/global\/fr\/perspectives\/actualite\/herve-garnousset-rejoint-expleo-en-tant-que-directeur-du-digital\/"]}]},{"@type":"ImageObject","inLanguage":"fr-FR","@id":"https:\/\/expleo.com\/global\/fr\/perspectives\/actualite\/herve-garnousset-rejoint-expleo-en-tant-que-directeur-du-digital\/#primaryimage","url":"https:\/\/expleo.com\/global\/fr\/wp-content\/uploads\/2021\/10\/services-consultancy-digital-business-1-1280x720-3.jpg","contentUrl":"https:\/\/expleo.com\/global\/fr\/wp-content\/uploads\/2021\/10\/services-consultancy-digital-business-1-1280x720-3.jpg","width":1280,"height":720,"caption":"A man holding a tablet with virtual icons"},{"@type":"BreadcrumbList","@id":"https:\/\/expleo.com\/global\/fr\/perspectives\/actualite\/herve-garnousset-rejoint-expleo-en-tant-que-directeur-du-digital\/#breadcrumb","itemListElement":[{"@type":"ListItem","position":1,"name":"Home","item":"https:\/\/expleo.com\/global\/fr\/"},{"@type":"ListItem","position":2,"name":"Perspectives","item":"https:\/\/expleo.com\/global\/fr\/perspectives\/"},{"@type":"ListItem","position":3,"name":"Herv\u00e9 Garnousset rejoint Expleo en tant que Directeur du Digital"}]},{"@type":"WebSite","@id":"https:\/\/expleo.com\/global\/fr\/#website","url":"https:\/\/expleo.com\/global\/fr\/","name":"Expleo | FR","description":"Expleo","publisher":{"@id":"https:\/\/expleo.com\/global\/fr\/#organization"},"potentialAction":[{"@type":"SearchAction","target":{"@type":"EntryPoint","urlTemplate":"https:\/\/expleo.com\/global\/fr\/?s={search_term_string}"},"query-input":{"@type":"PropertyValueSpecification","valueRequired":true,"valueName":"search_term_string"}}],"inLanguage":"fr-FR"},{"@type":"Organization","@id":"https:\/\/expleo.com\/global\/fr\/#organization","name":"Expleo | FR","url":"https:\/\/expleo.com\/global\/fr\/","logo":{"@type":"ImageObject","inLanguage":"fr-FR","@id":"https:\/\/expleo.com\/global\/fr\/#\/schema\/logo\/image\/","url":"https:\/\/expleo.com\/global\/fr\/wp-content\/uploads\/2019\/02\/expleo-logo-and-tagline.png","contentUrl":"https:\/\/expleo.com\/global\/fr\/wp-content\/uploads\/2019\/02\/expleo-logo-and-tagline.png","width":1600,"height":774,"caption":"Expleo | FR"},"image":{"@id":"https:\/\/expleo.com\/global\/fr\/#\/schema\/logo\/image\/"}}]}},"hreflang":{"rendered":"<link rel=\"alternate\" href=\"https:\/\/expleo.com\/global\/en\/perspectives\/news\/herve-garnousset-joins-expleo-as-global-head-of-digital\/\" hreflang=\"x-default\"\/>\n<link rel=\"alternate\" href=\"https:\/\/expleo.com\/global\/en\/perspectives\/news\/herve-garnousset-joins-expleo-as-global-head-of-digital\/\" hreflang=\"en\"\/>\n<link rel=\"alternate\" href=\"https:\/\/expleo.com\/global\/fr\/perspectives\/actualite\/herve-garnousset-rejoint-expleo-en-tant-que-directeur-du-digital\/\" hreflang=\"fr\"\/>\n<link rel=\"alternate\" href=\"https:\/\/expleo.com\/global\/de\/perspectives\/neuigkeiten\/herve-garnousset-verstaerkt-expleo-als-global-head-of-digital\/\" hreflang=\"de\"\/>\n","structure":[{"blogId":4,"blogIsHidden":false,"postId":795,"url":"https:\/\/expleo.com\/global\/en\/perspectives\/news\/herve-garnousset-joins-expleo-as-global-head-of-digital\/","language":"en","default":true},{"blogId":5,"blogIsHidden":false,"postId":723,"url":"https:\/\/expleo.com\/global\/fr\/perspectives\/actualite\/herve-garnousset-rejoint-expleo-en-tant-que-directeur-du-digital\/","language":"fr","default":false},{"blogId":6,"blogIsHidden":false,"postId":704,"url":"https:\/\/expleo.com\/global\/de\/perspectives\/neuigkeiten\/herve-garnousset-verstaerkt-expleo-als-global-head-of-digital\/","language":"de","default":false}]},"_links":{"self":[{"href":"https:\/\/expleo.com\/global\/fr\/wp-json\/wp\/v2\/insights\/723","targetHints":{"allow":["GET"]}}],"collection":[{"href":"https:\/\/expleo.com\/global\/fr\/wp-json\/wp\/v2\/insights"}],"about":[{"href":"https:\/\/expleo.com\/global\/fr\/wp-json\/wp\/v2\/types\/insights"}],"author":[{"embeddable":true,"href":"https:\/\/expleo.com\/global\/fr\/wp-json\/wp\/v2\/users\/67"}],"version-history":[{"count":0,"href":"https:\/\/expleo.com\/global\/fr\/wp-json\/wp\/v2\/insights\/723\/revisions"}],"wp:featuredmedia":[{"embeddable":true,"href":"https:\/\/expleo.com\/global\/fr\/wp-json\/wp\/v2\/media\/1277"}],"wp:attachment":[{"href":"https:\/\/expleo.com\/global\/fr\/wp-json\/wp\/v2\/media?parent=723"}],"wp:term":[{"taxonomy":"topic","embeddable":true,"href":"https:\/\/expleo.com\/global\/fr\/wp-json\/wp\/v2\/topic?post=723"},{"taxonomy":"insights-single-templates","embeddable":true,"href":"https:\/\/expleo.com\/global\/fr\/wp-json\/wp\/v2\/insights-single-templates?post=723"},{"taxonomy":"industry-taxonomy","embeddable":true,"href":"https:\/\/expleo.com\/global\/fr\/wp-json\/wp\/v2\/industry-taxonomy?post=723"},{"taxonomy":"content-type","embeddable":true,"href":"https:\/\/expleo.com\/global\/fr\/wp-json\/wp\/v2\/content-type?post=723"},{"taxonomy":"country","embeddable":true,"href":"https:\/\/expleo.com\/global\/fr\/wp-json\/wp\/v2\/country?post=723"},{"taxonomy":"service","embeddable":true,"href":"https:\/\/expleo.com\/global\/fr\/wp-json\/wp\/v2\/service?post=723"}],"curies":[{"name":"wp","href":"https:\/\/api.w.org\/{rel}","templated":true}]}}